{"id":9890,"date":"2022-08-25T11:32:15","date_gmt":"2022-08-25T09:32:15","guid":{"rendered":"https:\/\/www.hotel-annelies.at\/?page_id=9890"},"modified":"2023-05-08T14:48:45","modified_gmt":"2023-05-08T12:48:45","slug":"hiking-hotel","status":"publish","type":"page","link":"https:\/\/www.hotel-annelies.at\/en\/activity\/hiking-hotel\/","title":{"rendered":"Hiking Hotel Annelies"},"content":{"rendered":"\n<style type=\"text\/css\" data-created_by=\"avia_inline_auto\" id=\"style-css-av-l75z8pk6-32f9d978f4a70365cb0be48d6e087eae\">\n.avia-section.av-l75z8pk6-32f9d978f4a70365cb0be48d6e087eae{\nbackground-repeat:no-repeat;\nbackground-image:url(https:\/\/www.hotel-annelies.at\/wp-content\/uploads\/2022\/08\/DSF2755c-Schladming-Dachstein_Peter-Burgstaller-scaled.jpg);\nbackground-position:50% 50%;\nbackground-attachment:scroll;\n}\n<\/style>\n<div id='av_section_1'  class='avia-section av-l75z8pk6-32f9d978f4a70365cb0be48d6e087eae main_color avia-section-default avia-no-shadow  avia-builder-el-0  el_before_av_slideshow_full  avia-builder-el-first  av-small-hide av-mini-hide avia-full-stretch avia-bg-style-scroll av-minimum-height av-minimum-height-custom av-height-custom  container_wrap fullsize'  data-section-bg-repeat='stretch' data-av_minimum_height_px='550'><div class='container av-section-cont-open' style='height:550px'><main  role=\"main\" itemprop=\"mainContentOfPage\"  class='template-page content  av-content-full alpha units'><div class='post-entry post-entry-type-page post-entry-9890'><div class='entry-content-wrapper clearfix'>\n<\/div><\/div><\/main><!-- close content main element --><\/div><\/div><div id='full_slider_1'  class='avia-fullwidth-slider main_color avia-shadow av-desktop-hide av-medium-hide  avia-builder-el-1  el_after_av_section  el_before_av_section   slider-not-first container_wrap fullsize'  ><div  class='avia-slideshow av-l7h7u98j-945b1218043cfa7e9ff4c3e31d192554 avia-slideshow-featured av_slideshow_full avia-fade-slider av-desktop-hide av-medium-hide av-slideshow-ui av-control-hidden av-no-slider-navigation av-hide-nav-arrows av-slideshow-autoplay av-loop-endless av-loop-manual-endless av-default-height-applied   avia-slideshow-1' data-slideshow-options=\"{&quot;animation&quot;:&quot;fade&quot;,&quot;autoplay&quot;:true,&quot;loop_autoplay&quot;:&quot;endless&quot;,&quot;interval&quot;:4,&quot;loop_manual&quot;:&quot;manual-endless&quot;,&quot;autoplay_stopper&quot;:false,&quot;noNavigation&quot;:true,&quot;bg_slider&quot;:false,&quot;keep_padding&quot;:false,&quot;hoverpause&quot;:false,&quot;show_slide_delay&quot;:0}\"  itemprop=\"image\" itemscope=\"itemscope\" itemtype=\"https:\/\/schema.org\/ImageObject\" ><ul class='avia-slideshow-inner ' style='padding-bottom: 28.666666666667%;'><li  class='avia-slideshow-slide av-l7h7u98j-945b1218043cfa7e9ff4c3e31d192554__0  av-single-slide slide-1 slide-odd'><div data-rel='slideshow-1' class='avia-slide-wrap '   ><img decoding=\"async\" fetchpriority=\"high\" class=\"wp-image-8862 avia-img-lazy-loading-not-8862\"  src=\"https:\/\/www.hotel-annelies.at\/wp-content\/uploads\/2022\/08\/DSF2755c-Schladming-Dachstein_Peter-Burgstaller-1500x430.jpg\" width=\"1500\" height=\"430\" title='__DSF2755(c) Schladming-Dachstein_Peter Burgstaller' alt=''  itemprop=\"thumbnailUrl\"   \/><\/div><\/li><\/ul><\/div><\/div>\n<div id='av_section_2'  class='avia-section av-62e1e7-fd37c01047c6a02d51caaba457f1c164 main_color avia-section-default avia-no-border-styling  avia-builder-el-2  el_after_av_slideshow_full  el_before_av_one_third  avia-bg-style-scroll container_wrap fullsize'  ><div class='container av-section-cont-open' ><div class='template-page content  av-content-full alpha units'><div class='post-entry post-entry-type-page post-entry-9890'><div class='entry-content-wrapper clearfix'>\n\n<style type=\"text\/css\" data-created_by=\"avia_inline_auto\" id=\"style-css-av-l75zbarh-cf2a0fc608f901b6e0ec7f02f6f72347\">\n#top .av-special-heading.av-l75zbarh-cf2a0fc608f901b6e0ec7f02f6f72347{\npadding-bottom:10px;\n}\nbody .av-special-heading.av-l75zbarh-cf2a0fc608f901b6e0ec7f02f6f72347 .av-special-heading-tag .heading-char{\nfont-size:25px;\n}\n.av-special-heading.av-l75zbarh-cf2a0fc608f901b6e0ec7f02f6f72347 .av-subheading{\nfont-size:15px;\n}\n<\/style>\n<div  class='av-special-heading av-l75zbarh-cf2a0fc608f901b6e0ec7f02f6f72347 av-special-heading-h1 blockquote modern-quote modern-centered  avia-builder-el-3  el_before_av_hr  avia-builder-el-first '><h1 class='av-special-heading-tag '  itemprop=\"headline\"  >HIKING HOTEL ANNELIES<\/h1><div class='av-subheading av-subheading_below'><p>Enjoy every step in Ramsau am Dachstein<\/p>\n<\/div><div class=\"special-heading-border\"><div class=\"special-heading-inner-border\"><\/div><\/div><\/div>\n\n<style type=\"text\/css\" data-created_by=\"avia_inline_auto\" id=\"style-css-av-l75zj81p-0450a5bf63012d4c81912246aedb6d18\">\n#top .hr.av-l75zj81p-0450a5bf63012d4c81912246aedb6d18{\nmargin-top:10px;\n}\n.hr.av-l75zj81p-0450a5bf63012d4c81912246aedb6d18 .hr-inner{\nwidth:320px;\nborder-color:#bdc75c;\nmax-width:45%;\n}\n.hr.av-l75zj81p-0450a5bf63012d4c81912246aedb6d18 .av-seperator-icon{\ncolor:#bdc75c;\n}\n.hr.av-l75zj81p-0450a5bf63012d4c81912246aedb6d18 .av-seperator-icon.avia-svg-icon svg:first-child{\nfill:#bdc75c;\nstroke:#bdc75c;\n}\n<\/style>\n<div  class='hr av-l75zj81p-0450a5bf63012d4c81912246aedb6d18 hr-custom  avia-builder-el-4  el_after_av_heading  el_before_av_one_half  hr-center hr-icon-yes'><span class='hr-inner inner-border-av-border-fat'><span class=\"hr-inner-style\"><\/span><\/span><span class='av-seperator-icon avia-iconfont avia-font-entypo-fontello' data-av_icon='\ue8bc' data-av_iconfont='entypo-fontello' ><\/span><span class='hr-inner inner-border-av-border-fat'><span class=\"hr-inner-style\"><\/span><\/span><\/div>\n<div class='flex_column_table av-3oo9fj-371634a5a4354bcae0119eee2535abaf sc-av_one_half av-equal-height-column-flextable'><div  class='flex_column av-3oo9fj-371634a5a4354bcae0119eee2535abaf av_one_half  avia-builder-el-5  el_after_av_hr  el_before_av_one_half  first flex_column_table_cell av-equal-height-column av-align-middle  '     ><p><section  class='av_textblock_section av-l75zdpmq-306af74ebf410d1e53599938efd84918 '   itemscope=\"itemscope\" itemtype=\"https:\/\/schema.org\/CreativeWork\" ><div class='avia_textblock'  itemprop=\"text\" ><p>The hiking hotel Annelies in Ramsau am Dachstein has been awarded the Austrian Hiking Seal of Quality. This seal stands for the tested quality of the hiking infrastructure of our hotel and the Schladming Dachstein region.<\/p>\n<p>Exploring trails alone and off the beaten track has never been more critical. Our hiking guide Ewald will show you the most beautiful places &#8211; without the hustle and bustle but with a sustainable recreation factor.<\/p>\n<p><strong>Over 200 km of marked hiking trails<\/strong> await you in the Ramsau am Dachstein hiking region!<br \/>\nEveryone will find their way whether walking, hiking or climbing &#8211; <strong>on the magnificent high plateau, the alpine pastures and the peaks of the Schladming Dachstein Region.<\/strong><\/p>\n<\/div><\/section><br \/>\n\n<style type=\"text\/css\" data-created_by=\"avia_inline_auto\" id=\"style-css-av-t1x9yn-fbe07e2b27852eea5aad97eb6b52c3bb\">\n#top .av-special-heading.av-t1x9yn-fbe07e2b27852eea5aad97eb6b52c3bb{\npadding-bottom:10px;\n}\nbody .av-special-heading.av-t1x9yn-fbe07e2b27852eea5aad97eb6b52c3bb .av-special-heading-tag .heading-char{\nfont-size:25px;\n}\n.av-special-heading.av-t1x9yn-fbe07e2b27852eea5aad97eb6b52c3bb .av-subheading{\nfont-size:15px;\n}\n<\/style>\n<div  class='av-special-heading av-t1x9yn-fbe07e2b27852eea5aad97eb6b52c3bb av-special-heading-h2 blockquote modern-quote modern-centered  avia-builder-el-7  el_after_av_textblock  el_before_av_hr '><h2 class='av-special-heading-tag '  itemprop=\"headline\"  >OUR SERVICES FOR YOU<\/h2><div class=\"special-heading-border\"><div class=\"special-heading-inner-border\"><\/div><\/div><\/div><br \/>\n\n<style type=\"text\/css\" data-created_by=\"avia_inline_auto\" id=\"style-css-av-rf7xpr-8cf903c27425508e0464c26e6e006dac\">\n#top .hr.av-rf7xpr-8cf903c27425508e0464c26e6e006dac{\nmargin-top:10px;\nmargin-bottom:10px;\n}\n.hr.av-rf7xpr-8cf903c27425508e0464c26e6e006dac .hr-inner{\nwidth:50px;\nborder-color:#55493f;\nmax-width:45%;\n}\n.hr.av-rf7xpr-8cf903c27425508e0464c26e6e006dac .av-seperator-icon{\ncolor:#55493f;\n}\n.hr.av-rf7xpr-8cf903c27425508e0464c26e6e006dac .av-seperator-icon.avia-svg-icon svg:first-child{\nfill:#55493f;\nstroke:#55493f;\n}\n<\/style>\n<div  class='hr av-rf7xpr-8cf903c27425508e0464c26e6e006dac hr-custom  avia-builder-el-8  el_after_av_heading  el_before_av_textblock  hr-center hr-icon-yes'><span class='hr-inner inner-border-av-border-thin'><span class=\"hr-inner-style\"><\/span><\/span><span class='av-seperator-icon avia-iconfont avia-font-entypo-fontello' data-av_icon='\ue87b' data-av_iconfont='entypo-fontello' ><\/span><span class='hr-inner inner-border-av-border-thin'><span class=\"hr-inner-style\"><\/span><\/span><\/div><br \/>\n<section  class='av_textblock_section av-l760637i-7c2e7601bb97c57e0f3b5be8fec4792e '   itemscope=\"itemscope\" itemtype=\"https:\/\/schema.org\/CreativeWork\" ><div class='avia_textblock'  itemprop=\"text\" ><div class=\"art_inner\">\n<div class=\"art_element art_texti cols_twelve spl spr \">\n<div class=\"art_inner\">\n<ul>\n<li>2x weekly hikes with our hiking guide Ewald<\/li>\n<li>Hiking sticks &#8211; rental<\/li>\n<li>Maps<\/li>\n<li>Shoe drying room<\/li>\n<li>Hotel hiking bus<\/li>\n<li>Summer card for the free use of the mountain railways and buses<\/li>\n<li><strong>Personal route planning &#8211; <a href=\"https:\/\/www.komoot.com\/user\/1348624885194\/tours?type=recorded\" target=\"_blank\" rel=\"noopener\">komoot Hiking Tours<\/a><br \/>\n<\/strong><\/li>\n<li>We put you in touch with the best Ramsau mountain guides<\/li>\n<\/ul>\n<\/div>\n<\/div>\n<\/div>\n<\/div><\/section><\/p><\/div><div class='av-flex-placeholder'><\/div><div  class='flex_column av-2a27an-bba5994b5072beabced3059b4855e284 av_one_half  avia-builder-el-10  el_after_av_one_half  avia-builder-el-last  flex_column_table_cell av-equal-height-column av-align-middle  '     ><style type=\"text\/css\" data-created_by=\"avia_inline_auto\" id=\"style-css-av-l75zczhp-39bdd74291e613e2adc8d88886ba2551\">\n.av-horizontal-gallery.av-l75zczhp-39bdd74291e613e2adc8d88886ba2551{\npadding:7.5% 0px;;\n}\n.av-horizontal-gallery.av-l75zczhp-39bdd74291e613e2adc8d88886ba2551 .av-horizontal-gallery-inner{\npadding-bottom:50%;\n}\n<\/style>\n<div  class='av-horizontal-gallery av-l75zczhp-39bdd74291e613e2adc8d88886ba2551 av-horizontal-gallery-large-gap av-horizontal-gallery-enlarge-effect  avia-builder-el-11  avia-builder-el-no-sibling  av-slideshow-ui av-control-minimal av-slideshow-manual av-loop-once av-loop-manual-endless av-horizontal-gallery-1' data-slideshow-data=\"{&quot;enlarge&quot;:1.3,&quot;animation&quot;:&quot;slide&quot;,&quot;autoplay&quot;:false,&quot;loop_autoplay&quot;:&quot;once&quot;,&quot;interval&quot;:5,&quot;loop_manual&quot;:&quot;manual-endless&quot;,&quot;autoplay_stopper&quot;:false,&quot;noNavigation&quot;:false,&quot;bg_slider&quot;:false,&quot;keep_padding&quot;:&quot;&quot;,&quot;hoverpause&quot;:false,&quot;show_slide_delay&quot;:0}\"  itemprop=\"image\" itemscope=\"itemscope\" itemtype=\"https:\/\/schema.org\/ImageObject\" ><div class='avia-slideshow-arrows avia-slideshow-controls' ><a href='#prev' class='prev-slide av-horizontal-gallery-prev avia-svg-icon avia-font-svg_entypo-fontello' data-av_svg_icon='left-open-big' data-av_iconset='svg_entypo-fontello' tabindex='-1' title=\"Previous\"><svg version=\"1.1\" xmlns=\"http:\/\/www.w3.org\/2000\/svg\" width=\"15\" height=\"32\" viewBox=\"0 0 15 32\" preserveAspectRatio=\"xMidYMid meet\" aria-labelledby='av-svg-title-1' aria-describedby='av-svg-desc-1' role=\"graphics-symbol\" aria-hidden=\"true\">\n<title id='av-svg-title-1'>Previous<\/title>\n<desc id='av-svg-desc-1'>Previous<\/desc>\n<path d=\"M14.464 27.84q0.832 0.832 0 1.536-0.832 0.832-1.536 0l-12.544-12.608q-0.768-0.768 0-1.6l12.544-12.608q0.704-0.832 1.536 0 0.832 0.704 0 1.536l-11.456 11.904z\"><\/path>\n<\/svg><span class='avia_hidden_link_text'>Previous<\/span><\/a><a href='#next' class='next-slide av-horizontal-gallery-next avia-svg-icon avia-font-svg_entypo-fontello' data-av_svg_icon='right-open-big' data-av_iconset='svg_entypo-fontello' tabindex='-1' title=\"Next\"><svg version=\"1.1\" xmlns=\"http:\/\/www.w3.org\/2000\/svg\" width=\"15\" height=\"32\" viewBox=\"0 0 15 32\" preserveAspectRatio=\"xMidYMid meet\" aria-labelledby='av-svg-title-2' aria-describedby='av-svg-desc-2' role=\"graphics-symbol\" aria-hidden=\"true\">\n<title id='av-svg-title-2'>Next<\/title>\n<desc id='av-svg-desc-2'>Next<\/desc>\n<path d=\"M0.416 27.84l11.456-11.84-11.456-11.904q-0.832-0.832 0-1.536 0.832-0.832 1.536 0l12.544 12.608q0.768 0.832 0 1.6l-12.544 12.608q-0.704 0.832-1.536 0-0.832-0.704 0-1.536z\"><\/path>\n<\/svg><span class='avia_hidden_link_text'>Next<\/span><\/a><\/div><div class='avia-slideshow-dots avia-slideshow-controls av-horizontal-gallery-dots fade-in'><a href='#1' class='goto-slide active' >1<\/a><a href='#2' class='goto-slide ' >2<\/a><a href='#3' class='goto-slide ' >3<\/a><a href='#4' class='goto-slide ' >4<\/a><a href='#5' class='goto-slide ' >5<\/a><a href='#6' class='goto-slide ' >6<\/a><a href='#7' class='goto-slide ' >7<\/a><\/div><div class='av-horizontal-gallery-inner' data-av-height='50'><div class=\"av-horizontal-gallery-slider\"><div class=\"av-horizontal-gallery-wrap noHover\"><img decoding=\"async\" fetchpriority=\"high\" class='wp-image-8396 avia-img-lazy-loading-not-8396 av-horizontal-gallery-img' width=\"705\" height=\"1030\" src=\"https:\/\/www.hotel-annelies.at\/wp-content\/uploads\/2022\/07\/wanderfuehrer-ewald-ramsau-gross-705x1030.jpg\" title='Wander Hotel mit Wanderf\u00fchrer Ewald' alt='' srcset=\"https:\/\/www.hotel-annelies.at\/wp-content\/uploads\/2022\/07\/wanderfuehrer-ewald-ramsau-gross-705x1030.jpg 705w, https:\/\/www.hotel-annelies.at\/wp-content\/uploads\/2022\/07\/wanderfuehrer-ewald-ramsau-gross-205x300.jpg 205w, https:\/\/www.hotel-annelies.at\/wp-content\/uploads\/2022\/07\/wanderfuehrer-ewald-ramsau-gross-768x1121.jpg 768w, https:\/\/www.hotel-annelies.at\/wp-content\/uploads\/2022\/07\/wanderfuehrer-ewald-ramsau-gross-483x705.jpg 483w, https:\/\/www.hotel-annelies.at\/wp-content\/uploads\/2022\/07\/wanderfuehrer-ewald-ramsau-gross.jpg 1000w\" sizes=\"(max-width: 705px) 100vw, 705px\" \/><a href=\"https:\/\/www.hotel-annelies.at\/wp-content\/uploads\/2022\/07\/wanderfuehrer-ewald-ramsau-gross-705x1030.jpg\" data-srcset=\"https:\/\/www.hotel-annelies.at\/wp-content\/uploads\/2022\/07\/wanderfuehrer-ewald-ramsau-gross-705x1030.jpg 705w, https:\/\/www.hotel-annelies.at\/wp-content\/uploads\/2022\/07\/wanderfuehrer-ewald-ramsau-gross-205x300.jpg 205w, https:\/\/www.hotel-annelies.at\/wp-content\/uploads\/2022\/07\/wanderfuehrer-ewald-ramsau-gross-768x1121.jpg 768w, https:\/\/www.hotel-annelies.at\/wp-content\/uploads\/2022\/07\/wanderfuehrer-ewald-ramsau-gross-483x705.jpg 483w, https:\/\/www.hotel-annelies.at\/wp-content\/uploads\/2022\/07\/wanderfuehrer-ewald-ramsau-gross.jpg 1000w\" data-sizes=\"(max-width: 705px) 100vw, 705px\" class='av-horizontal-gallery-link avia-svg-icon avia-font-svg_entypo-fontello' data-av_svg_icon='resize-full' data-av_iconset='svg_entypo-fontello' title='' alt='' aria-label='Open image in lightbox: Wander Hotel mit Wanderf\u00fchrer Ewald'><svg version=\"1.1\" xmlns=\"http:\/\/www.w3.org\/2000\/svg\" width=\"25\" height=\"32\" viewBox=\"0 0 25 32\" preserveAspectRatio=\"xMidYMid meet\" aria-labelledby='av-svg-title-3' aria-describedby='av-svg-desc-3' role=\"graphics-symbol\" aria-hidden=\"true\">\n<title id='av-svg-title-3'>Open image in lightbox: Wander Hotel mit Wanderf\u00fchrer Ewald<\/title>\n<desc id='av-svg-desc-3'>Open image in lightbox: Wander Hotel mit Wanderf\u00fchrer Ewald<\/desc>\n<path d=\"M15.232 3.328h10.112v10.112l-3.2-3.968-4.672 4.864-3.2-3.2 4.864-4.672zM7.872 17.536l3.2 3.2-4.864 4.672 3.904 3.2h-10.112v-10.112l3.2 3.904z\"><\/path>\n<\/svg><\/a><\/div><div class=\"av-horizontal-gallery-wrap noHover\"><img decoding=\"async\" fetchpriority=\"high\" class='wp-image-8394 avia-img-lazy-loading-not-8394 av-horizontal-gallery-img' width=\"1000\" height=\"660\" src=\"https:\/\/www.hotel-annelies.at\/wp-content\/uploads\/2022\/07\/gassl-hoehe-01-gross.jpg\" title='gassl-hoehe-01-gross' alt='' srcset=\"https:\/\/www.hotel-annelies.at\/wp-content\/uploads\/2022\/07\/gassl-hoehe-01-gross.jpg 1000w, https:\/\/www.hotel-annelies.at\/wp-content\/uploads\/2022\/07\/gassl-hoehe-01-gross-300x198.jpg 300w, https:\/\/www.hotel-annelies.at\/wp-content\/uploads\/2022\/07\/gassl-hoehe-01-gross-768x507.jpg 768w, https:\/\/www.hotel-annelies.at\/wp-content\/uploads\/2022\/07\/gassl-hoehe-01-gross-705x465.jpg 705w\" sizes=\"(max-width: 1000px) 100vw, 1000px\" \/><a href=\"https:\/\/www.hotel-annelies.at\/wp-content\/uploads\/2022\/07\/gassl-hoehe-01-gross.jpg\" data-srcset=\"https:\/\/www.hotel-annelies.at\/wp-content\/uploads\/2022\/07\/gassl-hoehe-01-gross.jpg 1000w, https:\/\/www.hotel-annelies.at\/wp-content\/uploads\/2022\/07\/gassl-hoehe-01-gross-300x198.jpg 300w, https:\/\/www.hotel-annelies.at\/wp-content\/uploads\/2022\/07\/gassl-hoehe-01-gross-768x507.jpg 768w, https:\/\/www.hotel-annelies.at\/wp-content\/uploads\/2022\/07\/gassl-hoehe-01-gross-705x465.jpg 705w\" data-sizes=\"(max-width: 1000px) 100vw, 1000px\" class='av-horizontal-gallery-link avia-svg-icon avia-font-svg_entypo-fontello' data-av_svg_icon='resize-full' data-av_iconset='svg_entypo-fontello' title='' alt='' aria-label='Open image in lightbox: gassl-hoehe-01-gross'><svg version=\"1.1\" xmlns=\"http:\/\/www.w3.org\/2000\/svg\" width=\"25\" height=\"32\" viewBox=\"0 0 25 32\" preserveAspectRatio=\"xMidYMid meet\" aria-labelledby='av-svg-title-4' aria-describedby='av-svg-desc-4' role=\"graphics-symbol\" aria-hidden=\"true\">\n<title id='av-svg-title-4'>Open image in lightbox: gassl-hoehe-01-gross<\/title>\n<desc id='av-svg-desc-4'>Open image in lightbox: gassl-hoehe-01-gross<\/desc>\n<path d=\"M15.232 3.328h10.112v10.112l-3.2-3.968-4.672 4.864-3.2-3.2 4.864-4.672zM7.872 17.536l3.2 3.2-4.864 4.672 3.904 3.2h-10.112v-10.112l3.2 3.904z\"><\/path>\n<\/svg><\/a><\/div><div class=\"av-horizontal-gallery-wrap noHover\"><img decoding=\"async\" fetchpriority=\"high\" class='wp-image-8395 avia-img-lazy-loading-not-8395 av-horizontal-gallery-img' width=\"1000\" height=\"660\" src=\"https:\/\/www.hotel-annelies.at\/wp-content\/uploads\/2022\/07\/spiegelsee-dachstein-tauern-gross.jpg\" title='spiegelsee-dachstein-tauern-gross' alt='' srcset=\"https:\/\/www.hotel-annelies.at\/wp-content\/uploads\/2022\/07\/spiegelsee-dachstein-tauern-gross.jpg 1000w, https:\/\/www.hotel-annelies.at\/wp-content\/uploads\/2022\/07\/spiegelsee-dachstein-tauern-gross-300x198.jpg 300w, https:\/\/www.hotel-annelies.at\/wp-content\/uploads\/2022\/07\/spiegelsee-dachstein-tauern-gross-768x507.jpg 768w, https:\/\/www.hotel-annelies.at\/wp-content\/uploads\/2022\/07\/spiegelsee-dachstein-tauern-gross-705x465.jpg 705w\" sizes=\"(max-width: 1000px) 100vw, 1000px\" \/><a href=\"https:\/\/www.hotel-annelies.at\/wp-content\/uploads\/2022\/07\/spiegelsee-dachstein-tauern-gross.jpg\" data-srcset=\"https:\/\/www.hotel-annelies.at\/wp-content\/uploads\/2022\/07\/spiegelsee-dachstein-tauern-gross.jpg 1000w, https:\/\/www.hotel-annelies.at\/wp-content\/uploads\/2022\/07\/spiegelsee-dachstein-tauern-gross-300x198.jpg 300w, https:\/\/www.hotel-annelies.at\/wp-content\/uploads\/2022\/07\/spiegelsee-dachstein-tauern-gross-768x507.jpg 768w, https:\/\/www.hotel-annelies.at\/wp-content\/uploads\/2022\/07\/spiegelsee-dachstein-tauern-gross-705x465.jpg 705w\" data-sizes=\"(max-width: 1000px) 100vw, 1000px\" class='av-horizontal-gallery-link avia-svg-icon avia-font-svg_entypo-fontello' data-av_svg_icon='resize-full' data-av_iconset='svg_entypo-fontello' title='' alt='' aria-label='Open image in lightbox: spiegelsee-dachstein-tauern-gross'><svg version=\"1.1\" xmlns=\"http:\/\/www.w3.org\/2000\/svg\" width=\"25\" height=\"32\" viewBox=\"0 0 25 32\" preserveAspectRatio=\"xMidYMid meet\" aria-labelledby='av-svg-title-5' aria-describedby='av-svg-desc-5' role=\"graphics-symbol\" aria-hidden=\"true\">\n<title id='av-svg-title-5'>Open image in lightbox: spiegelsee-dachstein-tauern-gross<\/title>\n<desc id='av-svg-desc-5'>Open image in lightbox: spiegelsee-dachstein-tauern-gross<\/desc>\n<path d=\"M15.232 3.328h10.112v10.112l-3.2-3.968-4.672 4.864-3.2-3.2 4.864-4.672zM7.872 17.536l3.2 3.2-4.864 4.672 3.904 3.2h-10.112v-10.112l3.2 3.904z\"><\/path>\n<\/svg><\/a><\/div><div class=\"av-horizontal-gallery-wrap noHover\"><img decoding=\"async\" fetchpriority=\"high\" class='wp-image-8393 avia-img-lazy-loading-not-8393 av-horizontal-gallery-img' width=\"1000\" height=\"666\" src=\"https:\/\/www.hotel-annelies.at\/wp-content\/uploads\/2022\/07\/Fuer-dich-alleine-Neustatt-gross.jpg\" title='F\u00fcr dich alleine Neustatt-gross' alt='' srcset=\"https:\/\/www.hotel-annelies.at\/wp-content\/uploads\/2022\/07\/Fuer-dich-alleine-Neustatt-gross.jpg 1000w, https:\/\/www.hotel-annelies.at\/wp-content\/uploads\/2022\/07\/Fuer-dich-alleine-Neustatt-gross-300x200.jpg 300w, https:\/\/www.hotel-annelies.at\/wp-content\/uploads\/2022\/07\/Fuer-dich-alleine-Neustatt-gross-768x511.jpg 768w, https:\/\/www.hotel-annelies.at\/wp-content\/uploads\/2022\/07\/Fuer-dich-alleine-Neustatt-gross-705x470.jpg 705w\" sizes=\"(max-width: 1000px) 100vw, 1000px\" \/><a href=\"https:\/\/www.hotel-annelies.at\/wp-content\/uploads\/2022\/07\/Fuer-dich-alleine-Neustatt-gross.jpg\" data-srcset=\"https:\/\/www.hotel-annelies.at\/wp-content\/uploads\/2022\/07\/Fuer-dich-alleine-Neustatt-gross.jpg 1000w, https:\/\/www.hotel-annelies.at\/wp-content\/uploads\/2022\/07\/Fuer-dich-alleine-Neustatt-gross-300x200.jpg 300w, https:\/\/www.hotel-annelies.at\/wp-content\/uploads\/2022\/07\/Fuer-dich-alleine-Neustatt-gross-768x511.jpg 768w, https:\/\/www.hotel-annelies.at\/wp-content\/uploads\/2022\/07\/Fuer-dich-alleine-Neustatt-gross-705x470.jpg 705w\" data-sizes=\"(max-width: 1000px) 100vw, 1000px\" class='av-horizontal-gallery-link avia-svg-icon avia-font-svg_entypo-fontello' data-av_svg_icon='resize-full' data-av_iconset='svg_entypo-fontello' title='' alt='' aria-label='Open image in lightbox: F\u00fcr dich alleine Neustatt-gross'><svg version=\"1.1\" xmlns=\"http:\/\/www.w3.org\/2000\/svg\" width=\"25\" height=\"32\" viewBox=\"0 0 25 32\" preserveAspectRatio=\"xMidYMid meet\" aria-labelledby='av-svg-title-6' aria-describedby='av-svg-desc-6' role=\"graphics-symbol\" aria-hidden=\"true\">\n<title id='av-svg-title-6'>Open image in lightbox: F\u00fcr dich alleine Neustatt-gross<\/title>\n<desc id='av-svg-desc-6'>Open image in lightbox: F\u00fcr dich alleine Neustatt-gross<\/desc>\n<path d=\"M15.232 3.328h10.112v10.112l-3.2-3.968-4.672 4.864-3.2-3.2 4.864-4.672zM7.872 17.536l3.2 3.2-4.864 4.672 3.904 3.2h-10.112v-10.112l3.2 3.904z\"><\/path>\n<\/svg><\/a><\/div><div class=\"av-horizontal-gallery-wrap noHover\"><img decoding=\"async\" fetchpriority=\"high\" class='wp-image-8558 avia-img-lazy-loading-not-8558 av-horizontal-gallery-img' width=\"1030\" height=\"361\" src=\"https:\/\/www.hotel-annelies.at\/wp-content\/uploads\/2022\/07\/bergsee-1-1030x361.jpg\" title='bergsee' alt='' srcset=\"https:\/\/www.hotel-annelies.at\/wp-content\/uploads\/2022\/07\/bergsee-1-1030x361.jpg 1030w, https:\/\/www.hotel-annelies.at\/wp-content\/uploads\/2022\/07\/bergsee-1-300x105.jpg 300w, https:\/\/www.hotel-annelies.at\/wp-content\/uploads\/2022\/07\/bergsee-1-768x269.jpg 768w, https:\/\/www.hotel-annelies.at\/wp-content\/uploads\/2022\/07\/bergsee-1-1536x538.jpg 1536w, https:\/\/www.hotel-annelies.at\/wp-content\/uploads\/2022\/07\/bergsee-1-1500x525.jpg 1500w, https:\/\/www.hotel-annelies.at\/wp-content\/uploads\/2022\/07\/bergsee-1-705x247.jpg 705w, https:\/\/www.hotel-annelies.at\/wp-content\/uploads\/2022\/07\/bergsee-1-1210x423.jpg 1210w, https:\/\/www.hotel-annelies.at\/wp-content\/uploads\/2022\/07\/bergsee-1.jpg 2000w\" sizes=\"(max-width: 1030px) 100vw, 1030px\" \/><a href=\"https:\/\/www.hotel-annelies.at\/wp-content\/uploads\/2022\/07\/bergsee-1-1030x361.jpg\" data-srcset=\"https:\/\/www.hotel-annelies.at\/wp-content\/uploads\/2022\/07\/bergsee-1-1030x361.jpg 1030w, https:\/\/www.hotel-annelies.at\/wp-content\/uploads\/2022\/07\/bergsee-1-300x105.jpg 300w, https:\/\/www.hotel-annelies.at\/wp-content\/uploads\/2022\/07\/bergsee-1-768x269.jpg 768w, https:\/\/www.hotel-annelies.at\/wp-content\/uploads\/2022\/07\/bergsee-1-1536x538.jpg 1536w, https:\/\/www.hotel-annelies.at\/wp-content\/uploads\/2022\/07\/bergsee-1-1500x525.jpg 1500w, https:\/\/www.hotel-annelies.at\/wp-content\/uploads\/2022\/07\/bergsee-1-705x247.jpg 705w, https:\/\/www.hotel-annelies.at\/wp-content\/uploads\/2022\/07\/bergsee-1-1210x423.jpg 1210w, https:\/\/www.hotel-annelies.at\/wp-content\/uploads\/2022\/07\/bergsee-1.jpg 2000w\" data-sizes=\"(max-width: 1030px) 100vw, 1030px\" class='av-horizontal-gallery-link avia-svg-icon avia-font-svg_entypo-fontello' data-av_svg_icon='resize-full' data-av_iconset='svg_entypo-fontello' title='' alt='' aria-label='Open image in lightbox: bergsee'><svg version=\"1.1\" xmlns=\"http:\/\/www.w3.org\/2000\/svg\" width=\"25\" height=\"32\" viewBox=\"0 0 25 32\" preserveAspectRatio=\"xMidYMid meet\" aria-labelledby='av-svg-title-7' aria-describedby='av-svg-desc-7' role=\"graphics-symbol\" aria-hidden=\"true\">\n<title id='av-svg-title-7'>Open image in lightbox: bergsee<\/title>\n<desc id='av-svg-desc-7'>Open image in lightbox: bergsee<\/desc>\n<path d=\"M15.232 3.328h10.112v10.112l-3.2-3.968-4.672 4.864-3.2-3.2 4.864-4.672zM7.872 17.536l3.2 3.2-4.864 4.672 3.904 3.2h-10.112v-10.112l3.2 3.904z\"><\/path>\n<\/svg><\/a><\/div><div class=\"av-horizontal-gallery-wrap noHover\"><img decoding=\"async\" fetchpriority=\"high\" class='wp-image-8397 avia-img-lazy-loading-not-8397 av-horizontal-gallery-img' width=\"1000\" height=\"660\" src=\"https:\/\/www.hotel-annelies.at\/wp-content\/uploads\/2022\/07\/wanderung-guttenberghaus-kaiserschmarrn-gross.jpg\" title='wanderung-guttenberghaus-kaiserschmarrn-gross' alt='' srcset=\"https:\/\/www.hotel-annelies.at\/wp-content\/uploads\/2022\/07\/wanderung-guttenberghaus-kaiserschmarrn-gross.jpg 1000w, https:\/\/www.hotel-annelies.at\/wp-content\/uploads\/2022\/07\/wanderung-guttenberghaus-kaiserschmarrn-gross-300x198.jpg 300w, https:\/\/www.hotel-annelies.at\/wp-content\/uploads\/2022\/07\/wanderung-guttenberghaus-kaiserschmarrn-gross-768x507.jpg 768w, https:\/\/www.hotel-annelies.at\/wp-content\/uploads\/2022\/07\/wanderung-guttenberghaus-kaiserschmarrn-gross-705x465.jpg 705w\" sizes=\"(max-width: 1000px) 100vw, 1000px\" \/><a href=\"https:\/\/www.hotel-annelies.at\/wp-content\/uploads\/2022\/07\/wanderung-guttenberghaus-kaiserschmarrn-gross.jpg\" data-srcset=\"https:\/\/www.hotel-annelies.at\/wp-content\/uploads\/2022\/07\/wanderung-guttenberghaus-kaiserschmarrn-gross.jpg 1000w, https:\/\/www.hotel-annelies.at\/wp-content\/uploads\/2022\/07\/wanderung-guttenberghaus-kaiserschmarrn-gross-300x198.jpg 300w, https:\/\/www.hotel-annelies.at\/wp-content\/uploads\/2022\/07\/wanderung-guttenberghaus-kaiserschmarrn-gross-768x507.jpg 768w, https:\/\/www.hotel-annelies.at\/wp-content\/uploads\/2022\/07\/wanderung-guttenberghaus-kaiserschmarrn-gross-705x465.jpg 705w\" data-sizes=\"(max-width: 1000px) 100vw, 1000px\" class='av-horizontal-gallery-link avia-svg-icon avia-font-svg_entypo-fontello' data-av_svg_icon='resize-full' data-av_iconset='svg_entypo-fontello' title='' alt='' aria-label='Open image in lightbox: wanderung-guttenberghaus-kaiserschmarrn-gross'><svg version=\"1.1\" xmlns=\"http:\/\/www.w3.org\/2000\/svg\" width=\"25\" height=\"32\" viewBox=\"0 0 25 32\" preserveAspectRatio=\"xMidYMid meet\" aria-labelledby='av-svg-title-8' aria-describedby='av-svg-desc-8' role=\"graphics-symbol\" aria-hidden=\"true\">\n<title id='av-svg-title-8'>Open image in lightbox: wanderung-guttenberghaus-kaiserschmarrn-gross<\/title>\n<desc id='av-svg-desc-8'>Open image in lightbox: wanderung-guttenberghaus-kaiserschmarrn-gross<\/desc>\n<path d=\"M15.232 3.328h10.112v10.112l-3.2-3.968-4.672 4.864-3.2-3.2 4.864-4.672zM7.872 17.536l3.2 3.2-4.864 4.672 3.904 3.2h-10.112v-10.112l3.2 3.904z\"><\/path>\n<\/svg><\/a><\/div><div class=\"av-horizontal-gallery-wrap noHover\"><img decoding=\"async\" fetchpriority=\"high\" class='wp-image-8553 avia-img-lazy-loading-not-8553 av-horizontal-gallery-img' width=\"1030\" height=\"361\" src=\"https:\/\/www.hotel-annelies.at\/wp-content\/uploads\/2022\/07\/regionale-lieferanten-1030x361.jpg\" title='regionale-lieferanten' alt='' srcset=\"https:\/\/www.hotel-annelies.at\/wp-content\/uploads\/2022\/07\/regionale-lieferanten-1030x361.jpg 1030w, https:\/\/www.hotel-annelies.at\/wp-content\/uploads\/2022\/07\/regionale-lieferanten-300x105.jpg 300w, https:\/\/www.hotel-annelies.at\/wp-content\/uploads\/2022\/07\/regionale-lieferanten-768x269.jpg 768w, https:\/\/www.hotel-annelies.at\/wp-content\/uploads\/2022\/07\/regionale-lieferanten-1536x538.jpg 1536w, https:\/\/www.hotel-annelies.at\/wp-content\/uploads\/2022\/07\/regionale-lieferanten-1500x525.jpg 1500w, https:\/\/www.hotel-annelies.at\/wp-content\/uploads\/2022\/07\/regionale-lieferanten-705x247.jpg 705w, https:\/\/www.hotel-annelies.at\/wp-content\/uploads\/2022\/07\/regionale-lieferanten-1210x423.jpg 1210w, https:\/\/www.hotel-annelies.at\/wp-content\/uploads\/2022\/07\/regionale-lieferanten.jpg 2000w\" sizes=\"(max-width: 1030px) 100vw, 1030px\" \/><a href=\"https:\/\/www.hotel-annelies.at\/wp-content\/uploads\/2022\/07\/regionale-lieferanten-1030x361.jpg\" data-srcset=\"https:\/\/www.hotel-annelies.at\/wp-content\/uploads\/2022\/07\/regionale-lieferanten-1030x361.jpg 1030w, https:\/\/www.hotel-annelies.at\/wp-content\/uploads\/2022\/07\/regionale-lieferanten-300x105.jpg 300w, https:\/\/www.hotel-annelies.at\/wp-content\/uploads\/2022\/07\/regionale-lieferanten-768x269.jpg 768w, https:\/\/www.hotel-annelies.at\/wp-content\/uploads\/2022\/07\/regionale-lieferanten-1536x538.jpg 1536w, https:\/\/www.hotel-annelies.at\/wp-content\/uploads\/2022\/07\/regionale-lieferanten-1500x525.jpg 1500w, https:\/\/www.hotel-annelies.at\/wp-content\/uploads\/2022\/07\/regionale-lieferanten-705x247.jpg 705w, https:\/\/www.hotel-annelies.at\/wp-content\/uploads\/2022\/07\/regionale-lieferanten-1210x423.jpg 1210w, https:\/\/www.hotel-annelies.at\/wp-content\/uploads\/2022\/07\/regionale-lieferanten.jpg 2000w\" data-sizes=\"(max-width: 1030px) 100vw, 1030px\" class='av-horizontal-gallery-link avia-svg-icon avia-font-svg_entypo-fontello' data-av_svg_icon='resize-full' data-av_iconset='svg_entypo-fontello' title='' alt='' aria-label='Open image in lightbox: regionale-lieferanten'><svg version=\"1.1\" xmlns=\"http:\/\/www.w3.org\/2000\/svg\" width=\"25\" height=\"32\" viewBox=\"0 0 25 32\" preserveAspectRatio=\"xMidYMid meet\" aria-labelledby='av-svg-title-9' aria-describedby='av-svg-desc-9' role=\"graphics-symbol\" aria-hidden=\"true\">\n<title id='av-svg-title-9'>Open image in lightbox: regionale-lieferanten<\/title>\n<desc id='av-svg-desc-9'>Open image in lightbox: regionale-lieferanten<\/desc>\n<path d=\"M15.232 3.328h10.112v10.112l-3.2-3.968-4.672 4.864-3.2-3.2 4.864-4.672zM7.872 17.536l3.2 3.2-4.864 4.672 3.904 3.2h-10.112v-10.112l3.2 3.904z\"><\/path>\n<\/svg><\/a><\/div><\/div><\/div><\/div><\/div><\/div><!--close column table wrapper. Autoclose: 1 --><\/div><\/div><\/div><!-- close content main div --><\/div><\/div><div id='after_section_2'  class='main_color av_default_container_wrap container_wrap fullsize'  ><div class='container av-section-cont-open' ><div class='template-page content  av-content-full alpha units'><div class='post-entry post-entry-type-page post-entry-9890'><div class='entry-content-wrapper clearfix'>\n<style type=\"text\/css\" data-created_by=\"avia_inline_auto\" id=\"style-css-av-kti70f-62739a59af3a332f3815cfefacec3ed6\">\n@keyframes av_boxShadowEffect_av-kti70f-62739a59af3a332f3815cfefacec3ed6-column {\n0%   { box-shadow:  0 0 0 0 #919191; opacity: 1; }\n100% { box-shadow:  0 0 10px 0 #919191; opacity: 1; }\n}\n.flex_column.av-kti70f-62739a59af3a332f3815cfefacec3ed6{\nbox-shadow: 0 0 10px 0 #919191;\nborder-radius:0 0 8px 8px;\npadding:10px 10px 10px 10px;\nbackground-color:#ededed;\n}\n<\/style>\n<div  class='flex_column av-kti70f-62739a59af3a332f3815cfefacec3ed6 av_one_third  avia-builder-el-12  el_after_av_section  el_before_av_one_third  avia-builder-el-first  first flex_column_div av-animated-generic fade-in shadow-not-animated  '     ><p>\n<style type=\"text\/css\" data-created_by=\"avia_inline_auto\" id=\"style-css-av-in0u1r-afd0cc79864728510be063619a665fb9\">\n#top .av-special-heading.av-in0u1r-afd0cc79864728510be063619a665fb9{\npadding-bottom:10px;\n}\nbody .av-special-heading.av-in0u1r-afd0cc79864728510be063619a665fb9 .av-special-heading-tag .heading-char{\nfont-size:25px;\n}\n.av-special-heading.av-in0u1r-afd0cc79864728510be063619a665fb9 .av-subheading{\nfont-size:15px;\n}\n<\/style>\n<div  class='av-special-heading av-in0u1r-afd0cc79864728510be063619a665fb9 av-special-heading-h2 blockquote modern-quote modern-centered  avia-builder-el-13  el_before_av_hr  avia-builder-el-first '><h2 class='av-special-heading-tag '  itemprop=\"headline\"  >Tip for hikers<\/h2><div class=\"special-heading-border\"><div class=\"special-heading-inner-border\"><\/div><\/div><\/div><br \/>\n\n<style type=\"text\/css\" data-created_by=\"avia_inline_auto\" id=\"style-css-av-hsqasf-f3a3fe2dd9e50dd69dd8eeef8f16ed13\">\n#top .hr.av-hsqasf-f3a3fe2dd9e50dd69dd8eeef8f16ed13{\nmargin-top:10px;\nmargin-bottom:10px;\n}\n.hr.av-hsqasf-f3a3fe2dd9e50dd69dd8eeef8f16ed13 .hr-inner{\nwidth:50px;\nborder-color:#55493f;\nmax-width:45%;\n}\n.hr.av-hsqasf-f3a3fe2dd9e50dd69dd8eeef8f16ed13 .av-seperator-icon{\ncolor:#55493f;\n}\n.hr.av-hsqasf-f3a3fe2dd9e50dd69dd8eeef8f16ed13 .av-seperator-icon.avia-svg-icon svg:first-child{\nfill:#55493f;\nstroke:#55493f;\n}\n<\/style>\n<div  class='hr av-hsqasf-f3a3fe2dd9e50dd69dd8eeef8f16ed13 hr-custom  avia-builder-el-14  el_after_av_heading  el_before_av_textblock  hr-center hr-icon-yes'><span class='hr-inner inner-border-av-border-thin'><span class=\"hr-inner-style\"><\/span><\/span><span class='av-seperator-icon avia-iconfont avia-font-entypo-fontello' data-av_icon='\ue87b' data-av_iconfont='entypo-fontello' ><\/span><span class='hr-inner inner-border-av-border-thin'><span class=\"hr-inner-style\"><\/span><\/span><\/div><br \/>\n<section  class='av_textblock_section av-dzgljz-c433180fb333a42ee06f9787bcfed761 '   itemscope=\"itemscope\" itemtype=\"https:\/\/schema.org\/CreativeWork\" ><div class='avia_textblock'  itemprop=\"text\" ><blockquote>\n<div class=\"art_headline title3\">\n<p>Our guide Ewald has a very personal tip for you:<\/p>\n<\/div>\n<\/blockquote>\n<div class=\"art_inner\">\n<p>&#8220;Brandriedl&#8221; (1,700 m) is truly a place for connoisseurs. From the Annelies Hiking Hotel, the easy mountain hike leads in approx. 3.5 hours to the Edelbrunn Inn, via the alpine path to the Austriah\u00fctte.<\/p>\n<p>Leisurely connoisseurs can take the hiking bus to the T\u00fcrlwandh\u00fctte (car park Dachstein cable car). After 15 minutes you reach the Brandriedl. Or you can already branch off at Gasthof Edelbrunn onto the &#8220;Rosegger-Steig&#8221;. From there, you get to the destination in about 60 minutes.&#8221;<\/p>\n<\/div>\n<\/div><\/section><\/p><\/div><\/p>\n\n<style type=\"text\/css\" data-created_by=\"avia_inline_auto\" id=\"style-css-av-abt20f-03fd20f01829b2bee684d67d0279bce5\">\n@keyframes av_boxShadowEffect_av-abt20f-03fd20f01829b2bee684d67d0279bce5-column {\n0%   { box-shadow:  0 0 0 0 #919191; opacity: 1; }\n100% { box-shadow:  0 0 10px 0 #919191; opacity: 1; }\n}\n.flex_column.av-abt20f-03fd20f01829b2bee684d67d0279bce5{\nbox-shadow: 0 0 10px 0 #919191;\nborder-radius:0 0 8px 8px;\npadding:10px 10px 10px 10px;\nbackground-color:rgba(0,0,0,0.12);\n}\n<\/style>\n<div  class='flex_column av-abt20f-03fd20f01829b2bee684d67d0279bce5 av_one_third  avia-builder-el-16  el_after_av_one_third  el_before_av_one_third  flex_column_div av-animated-generic fade-in shadow-not-animated  '     ><p>\n<style type=\"text\/css\" data-created_by=\"avia_inline_auto\" id=\"style-css-av-8pdsf3-a44f3ebb0d72f527af790f8dae14b187\">\n#top .av-special-heading.av-8pdsf3-a44f3ebb0d72f527af790f8dae14b187{\npadding-bottom:10px;\n}\nbody .av-special-heading.av-8pdsf3-a44f3ebb0d72f527af790f8dae14b187 .av-special-heading-tag .heading-char{\nfont-size:25px;\n}\n.av-special-heading.av-8pdsf3-a44f3ebb0d72f527af790f8dae14b187 .av-subheading{\nfont-size:15px;\n}\n<\/style>\n<div  class='av-special-heading av-8pdsf3-a44f3ebb0d72f527af790f8dae14b187 av-special-heading-h2 blockquote modern-quote modern-centered  avia-builder-el-17  el_before_av_hr  avia-builder-el-first '><h2 class='av-special-heading-tag '  itemprop=\"headline\"  >ZDF Series &#8211; <span class='special_amp'>&#8220;<\/span>The Mountain Rescuers<span class='special_amp'>&#8221;<\/span><\/h2><div class=\"special-heading-border\"><div class=\"special-heading-inner-border\"><\/div><\/div><\/div><br \/>\n\n<style type=\"text\/css\" data-created_by=\"avia_inline_auto\" id=\"style-css-av-1z1amn-c77018a6f975982abb557fa912dabd8e\">\n#top .hr.av-1z1amn-c77018a6f975982abb557fa912dabd8e{\nmargin-top:10px;\nmargin-bottom:10px;\n}\n.hr.av-1z1amn-c77018a6f975982abb557fa912dabd8e .hr-inner{\nwidth:50px;\nborder-color:#55493f;\nmax-width:45%;\n}\n.hr.av-1z1amn-c77018a6f975982abb557fa912dabd8e .av-seperator-icon{\ncolor:#55493f;\n}\n.hr.av-1z1amn-c77018a6f975982abb557fa912dabd8e .av-seperator-icon.avia-svg-icon svg:first-child{\nfill:#55493f;\nstroke:#55493f;\n}\n<\/style>\n<div  class='hr av-1z1amn-c77018a6f975982abb557fa912dabd8e hr-custom  avia-builder-el-18  el_after_av_heading  el_before_av_image  hr-center hr-icon-yes'><span class='hr-inner inner-border-av-border-thin'><span class=\"hr-inner-style\"><\/span><\/span><span class='av-seperator-icon avia-iconfont avia-font-entypo-fontello' data-av_icon='\ue87b' data-av_iconfont='entypo-fontello' ><\/span><span class='hr-inner inner-border-av-border-thin'><span class=\"hr-inner-style\"><\/span><\/span><\/div><br \/>\n\n<style type=\"text\/css\" data-created_by=\"avia_inline_auto\" id=\"style-css-av-juvgv-56bc271517ee34fa85a7e1b056bcb9fb\">\n.avia-image-container.av-juvgv-56bc271517ee34fa85a7e1b056bcb9fb img.avia_image{\nbox-shadow:none;\n}\n.avia-image-container.av-juvgv-56bc271517ee34fa85a7e1b056bcb9fb .av-image-caption-overlay-center{\ncolor:#ffffff;\n}\n<\/style>\n<div  class='avia-image-container av-juvgv-56bc271517ee34fa85a7e1b056bcb9fb av-styling- avia-align-center  avia-builder-el-19  el_after_av_hr  el_before_av_hr '   itemprop=\"image\" itemscope=\"itemscope\" itemtype=\"https:\/\/schema.org\/ImageObject\" ><div class=\"avia-image-container-inner\"><div class=\"avia-image-overlay-wrap\"><img decoding=\"async\" fetchpriority=\"high\" class='wp-image-8555 avia-img-lazy-loading-not-8555 avia_image ' src=\"https:\/\/www.hotel-annelies.at\/wp-content\/uploads\/2022\/07\/bergretter-1500x430.jpg\" alt='' title='bergretter'  height=\"430\" width=\"1500\"  itemprop=\"thumbnailUrl\"  \/><\/div><\/div><\/div><br \/>\n\n<style type=\"text\/css\" data-created_by=\"avia_inline_auto\" id=\"style-css-av-7isfsv-b89601ce858c3ce688961d84ae454d9b\">\n#top .hr.av-7isfsv-b89601ce858c3ce688961d84ae454d9b{\nmargin-top:10px;\nmargin-bottom:10px;\n}\n.hr.av-7isfsv-b89601ce858c3ce688961d84ae454d9b .hr-inner{\nwidth:50px;\nborder-color:#55493f;\nmax-width:45%;\n}\n.hr.av-7isfsv-b89601ce858c3ce688961d84ae454d9b .av-seperator-icon{\ncolor:#55493f;\n}\n.hr.av-7isfsv-b89601ce858c3ce688961d84ae454d9b .av-seperator-icon.avia-svg-icon svg:first-child{\nfill:#55493f;\nstroke:#55493f;\n}\n<\/style>\n<div  class='hr av-7isfsv-b89601ce858c3ce688961d84ae454d9b hr-custom  avia-builder-el-20  el_after_av_image  el_before_av_textblock  hr-center hr-icon-yes'><span class='hr-inner inner-border-av-border-thin'><span class=\"hr-inner-style\"><\/span><\/span><span class='av-seperator-icon avia-iconfont avia-font-entypo-fontello' data-av_icon='\ue866' data-av_iconfont='entypo-fontello' ><\/span><span class='hr-inner inner-border-av-border-thin'><span class=\"hr-inner-style\"><\/span><\/span><\/div><br \/>\n<section  class='av_textblock_section av-3zbym7-2d893d3eedaa76a2691af4a4899e11b8 '   itemscope=\"itemscope\" itemtype=\"https:\/\/schema.org\/CreativeWork\" ><div class='avia_textblock'  itemprop=\"text\" ><p>Be on the trail of the filming locations.<\/p>\n<p>Did you know that &#8220;the mountain rescuers&#8221; also film and are guests here?<\/p>\n<p>Visit the most beautiful filming locations of the series, go on film hikes, and you may be lucky and meet one or the other actor personally at our Hotel Annelies for a short conversation.<\/p>\n<\/div><\/section><br \/>\n<div  class='avia-button-wrap av-9053z-889050283c9002263c5b885be4a179d8-wrap avia-button-center  avia-builder-el-22  el_after_av_textblock  avia-builder-el-last '>\n<style type=\"text\/css\" data-created_by=\"avia_inline_auto\" id=\"style-css-av-9053z-889050283c9002263c5b885be4a179d8\">\n#top #wrap_all .avia-button.av-9053z-889050283c9002263c5b885be4a179d8{\nbackground-color:#55493f;\nborder-color:#55493f;\nborder-style:none;\nborder-width:5px 5px 5px 5px;\nborder-radius:8px 8px 8px 8px;\nbox-shadow: 2px 2px 0px 0px #9e9e9e;\ntransition:all 0.4s ease-in-out;\n}\n#top #wrap_all .avia-button.av-9053z-889050283c9002263c5b885be4a179d8:hover{\ncolor:white;\ntransition:all 0.4s ease-in-out;\n}\n#top #wrap_all.avia-button.av-9053z-889050283c9002263c5b885be4a179d8:hover .avia_button_background{\nborder-radius:8px 8px 8px 8px;\n}\n#top #wrap_all .avia-button.av-9053z-889050283c9002263c5b885be4a179d8:hover .avia-svg-icon svg:first-child{\nfill:white;\nstroke:white;\n}\n<\/style>\n<a href='\/ueber-uns\/zdf-serie-die-bergretter\/'  class='avia-button av-9053z-889050283c9002263c5b885be4a179d8 av-link-btn avia-icon_select-yes-left-icon avia-size-large avia-position-center avia-font-color-theme-color'  target=\"_blank\"  rel=\"noopener noreferrer\"  aria-label=\"More about ZDF Series - \u201eDie Bergretter\u201c (The mountain rescuers) (in German)\"><span class='avia_button_icon avia_button_icon_left avia-iconfont avia-font-entypo-fontello' data-av_icon='\ue80d' data-av_iconfont='entypo-fontello' ><\/span><span class='avia_iconbox_title' >More about ZDF Series - \u201eDie Bergretter\u201c (The mountain rescuers) (in German)<\/span><span class='avia_button_background avia-button avia-color-theme-color-highlight' ><\/span><\/a><\/div><\/p><\/div>\n<style type=\"text\/css\" data-created_by=\"avia_inline_auto\" id=\"style-css-av-apd9pr-bc035b25296d9354dc89bb57a6c13bef\">\n@keyframes av_boxShadowEffect_av-apd9pr-bc035b25296d9354dc89bb57a6c13bef-column {\n0%   { box-shadow:  0 0 0 0 #919191; opacity: 1; }\n100% { box-shadow:  0 0 10px 0 #919191; opacity: 1; }\n}\n.flex_column.av-apd9pr-bc035b25296d9354dc89bb57a6c13bef{\nbox-shadow: 0 0 10px 0 #919191;\nborder-radius:0 0 8px 8px;\npadding:10px 10px 10px 10px;\nbackground-color:rgba(0,0,0,0.12);\n}\n<\/style>\n<div  class='flex_column av-apd9pr-bc035b25296d9354dc89bb57a6c13bef av_one_third  avia-builder-el-23  el_after_av_one_third  el_before_av_hr  flex_column_div av-animated-generic fade-in shadow-not-animated  '     ><p>\n<style type=\"text\/css\" data-created_by=\"avia_inline_auto\" id=\"style-css-av-9becwv-73841a033d1c8a613b80788541f2499e\">\n#top .av-special-heading.av-9becwv-73841a033d1c8a613b80788541f2499e{\npadding-bottom:10px;\n}\nbody .av-special-heading.av-9becwv-73841a033d1c8a613b80788541f2499e .av-special-heading-tag .heading-char{\nfont-size:25px;\n}\n.av-special-heading.av-9becwv-73841a033d1c8a613b80788541f2499e .av-subheading{\nfont-size:15px;\n}\n<\/style>\n<div  class='av-special-heading av-9becwv-73841a033d1c8a613b80788541f2499e av-special-heading-h2 blockquote modern-quote modern-centered  avia-builder-el-24  el_before_av_hr  avia-builder-el-first '><h2 class='av-special-heading-tag '  itemprop=\"headline\"  >Schladming-Dachstein SOMMERCARD<\/h2><div class='av-subheading av-subheading_below'><p>(summer card) from 18 of May 2023 free of charge with us at Hotel Annelies<\/p>\n<\/div><div class=\"special-heading-border\"><div class=\"special-heading-inner-border\"><\/div><\/div><\/div><br \/>\n\n<style type=\"text\/css\" data-created_by=\"avia_inline_auto\" id=\"style-css-av-7syp2n-53b217acf9ecab7d22df895ac4f7b6ac\">\n#top .hr.av-7syp2n-53b217acf9ecab7d22df895ac4f7b6ac{\nmargin-top:10px;\nmargin-bottom:10px;\n}\n.hr.av-7syp2n-53b217acf9ecab7d22df895ac4f7b6ac .hr-inner{\nwidth:50px;\nborder-color:#55493f;\nmax-width:45%;\n}\n.hr.av-7syp2n-53b217acf9ecab7d22df895ac4f7b6ac .av-seperator-icon{\ncolor:#55493f;\n}\n.hr.av-7syp2n-53b217acf9ecab7d22df895ac4f7b6ac .av-seperator-icon.avia-svg-icon svg:first-child{\nfill:#55493f;\nstroke:#55493f;\n}\n<\/style>\n<div  class='hr av-7syp2n-53b217acf9ecab7d22df895ac4f7b6ac hr-custom  avia-builder-el-25  el_after_av_heading  el_before_av_image  hr-center hr-icon-yes'><span class='hr-inner inner-border-av-border-thin'><span class=\"hr-inner-style\"><\/span><\/span><span class='av-seperator-icon avia-iconfont avia-font-entypo-fontello' data-av_icon='\ue866' data-av_iconfont='entypo-fontello' ><\/span><span class='hr-inner inner-border-av-border-thin'><span class=\"hr-inner-style\"><\/span><\/span><\/div><br \/>\n\n<style type=\"text\/css\" data-created_by=\"avia_inline_auto\" id=\"style-css-av-54l9dr-d59a598b48bd3d41c23a695ca25418a1\">\n.avia-image-container.av-54l9dr-d59a598b48bd3d41c23a695ca25418a1 img.avia_image{\nbox-shadow:none;\n}\n.avia-image-container.av-54l9dr-d59a598b48bd3d41c23a695ca25418a1 .av-image-caption-overlay-center{\ncolor:#ffffff;\n}\n<\/style>\n<div  class='avia-image-container av-54l9dr-d59a598b48bd3d41c23a695ca25418a1 av-styling- avia-align-center  avia-builder-el-26  el_after_av_hr  el_before_av_textblock '   itemprop=\"image\" itemscope=\"itemscope\" itemtype=\"https:\/\/schema.org\/ImageObject\" ><div class=\"avia-image-container-inner\"><div class=\"avia-image-overlay-wrap\"><img decoding=\"async\" fetchpriority=\"high\" class='wp-image-8390 avia-img-lazy-loading-not-8390 avia_image ' src=\"https:\/\/www.hotel-annelies.at\/wp-content\/uploads\/2022\/07\/sommercard-ausflug-wasserfall.jpg\" alt='' title='sommercard-ausflug-wasserfall'  height=\"700\" width=\"2000\"  itemprop=\"thumbnailUrl\" srcset=\"https:\/\/www.hotel-annelies.at\/wp-content\/uploads\/2022\/07\/sommercard-ausflug-wasserfall.jpg 2000w, https:\/\/www.hotel-annelies.at\/wp-content\/uploads\/2022\/07\/sommercard-ausflug-wasserfall-300x105.jpg 300w, https:\/\/www.hotel-annelies.at\/wp-content\/uploads\/2022\/07\/sommercard-ausflug-wasserfall-1030x361.jpg 1030w, https:\/\/www.hotel-annelies.at\/wp-content\/uploads\/2022\/07\/sommercard-ausflug-wasserfall-768x269.jpg 768w, https:\/\/www.hotel-annelies.at\/wp-content\/uploads\/2022\/07\/sommercard-ausflug-wasserfall-1536x538.jpg 1536w, https:\/\/www.hotel-annelies.at\/wp-content\/uploads\/2022\/07\/sommercard-ausflug-wasserfall-1500x525.jpg 1500w, https:\/\/www.hotel-annelies.at\/wp-content\/uploads\/2022\/07\/sommercard-ausflug-wasserfall-705x247.jpg 705w, https:\/\/www.hotel-annelies.at\/wp-content\/uploads\/2022\/07\/sommercard-ausflug-wasserfall-1210x423.jpg 1210w\" sizes=\"(max-width: 2000px) 100vw, 2000px\" \/><\/div><\/div><\/div><br \/>\n<section  class='av_textblock_section av-4fu9rj-077d670300b5571bf815c882f311621f '   itemscope=\"itemscope\" itemtype=\"https:\/\/schema.org\/CreativeWork\" ><div class='avia_textblock'  itemprop=\"text\" ><p class=\"h4 mb-2 mb-md-3\">Experience unforgettable attractions every day of your holiday &#8211; without paying a cent! With the Sommercard you get FREE ADMISSION to over 100 top leisure attractions and discounts at over 100 bonus partners.<\/p>\n<\/div><\/section><br \/>\n<div  class='avia-button-wrap av-1w10kf-84751dc86f48c31c7846938060393bac-wrap avia-button-center  avia-builder-el-28  el_after_av_textblock  avia-builder-el-last '>\n<style type=\"text\/css\" data-created_by=\"avia_inline_auto\" id=\"style-css-av-1w10kf-84751dc86f48c31c7846938060393bac\">\n#top #wrap_all .avia-button.av-1w10kf-84751dc86f48c31c7846938060393bac{\nbackground-color:#55493f;\nborder-color:#55493f;\nborder-style:none;\nborder-width:5px 5px 5px 5px;\nborder-radius:8px 8px 8px 8px;\nbox-shadow: 2px 2px 0px 0px #9e9e9e;\ntransition:all 0.4s ease-in-out;\n}\n#top #wrap_all .avia-button.av-1w10kf-84751dc86f48c31c7846938060393bac:hover{\ncolor:white;\ntransition:all 0.4s ease-in-out;\n}\n#top #wrap_all.avia-button.av-1w10kf-84751dc86f48c31c7846938060393bac:hover .avia_button_background{\nborder-radius:8px 8px 8px 8px;\n}\n#top #wrap_all .avia-button.av-1w10kf-84751dc86f48c31c7846938060393bac:hover .avia-svg-icon svg:first-child{\nfill:white;\nstroke:white;\n}\n<\/style>\n<a href='https:\/\/www.hotel-annelies.at\/en\/activity\/summer-card\/'  class='avia-button av-1w10kf-84751dc86f48c31c7846938060393bac av-link-btn avia-icon_select-yes-left-icon avia-size-large avia-position-center avia-font-color-theme-color'   aria-label=\"More about the Sommercard (Summer Card)\"><span class='avia_button_icon avia_button_icon_left avia-iconfont avia-font-entypo-fontello' data-av_icon='\ue805' data-av_iconfont='entypo-fontello' ><\/span><span class='avia_iconbox_title' >More about the Sommercard (Summer Card)<\/span><span class='avia_button_background avia-button avia-color-theme-color-highlight' ><\/span><\/a><\/div><\/p><\/div>\n<style type=\"text\/css\" data-created_by=\"avia_inline_auto\" id=\"style-css-av-32fajz-5f5a75270593f945977826e9fe7b174f\">\n#top .hr.hr-invisible.av-32fajz-5f5a75270593f945977826e9fe7b174f{\nheight:20px;\n}\n<\/style>\n<div  class='hr av-32fajz-5f5a75270593f945977826e9fe7b174f hr-invisible  avia-builder-el-29  el_after_av_one_third  el_before_av_heading '><span class='hr-inner '><span class=\"hr-inner-style\"><\/span><\/span><\/div><\/p>\n\n<style type=\"text\/css\" data-created_by=\"avia_inline_auto\" id=\"style-css-av-l77kgzmh-08d85421407a665b5fac09cfb0d3a84d\">\n#top .av-special-heading.av-l77kgzmh-08d85421407a665b5fac09cfb0d3a84d{\nmargin:40px 0 0 0;\npadding-bottom:10px;\n}\nbody .av-special-heading.av-l77kgzmh-08d85421407a665b5fac09cfb0d3a84d .av-special-heading-tag .heading-char{\nfont-size:25px;\n}\n.av-special-heading.av-l77kgzmh-08d85421407a665b5fac09cfb0d3a84d .av-subheading{\nfont-size:15px;\n}\n<\/style>\n<div  class='av-special-heading av-l77kgzmh-08d85421407a665b5fac09cfb0d3a84d av-special-heading-h2 blockquote modern-quote modern-centered  avia-builder-el-30  el_after_av_hr  el_before_av_hr  av-linked-heading'><h2 class='av-special-heading-tag '  itemprop=\"headline\"  ><a class=\"av-heading-link\" href=\"https:\/\/www.hotel-annelies.at\/en\/activity\/mountainbike-e-bike-schladming\/\" >&#8230; or would you rather go biking<\/a><\/h2><div class=\"special-heading-border\"><div class=\"special-heading-inner-border\"><\/div><\/div><\/div>\n\n<style type=\"text\/css\" data-created_by=\"avia_inline_auto\" id=\"style-css-av-l77khkci-6a18aab8b50210ed546db8651b680117\">\n#top .hr.av-l77khkci-6a18aab8b50210ed546db8651b680117{\nmargin-top:20px;\n}\n.hr.av-l77khkci-6a18aab8b50210ed546db8651b680117 .hr-inner{\nwidth:320px;\nborder-color:#bdc75c;\nmax-width:45%;\n}\n.hr.av-l77khkci-6a18aab8b50210ed546db8651b680117 .av-seperator-icon{\ncolor:#bdc75c;\n}\n.hr.av-l77khkci-6a18aab8b50210ed546db8651b680117 .av-seperator-icon.avia-svg-icon svg:first-child{\nfill:#bdc75c;\nstroke:#bdc75c;\n}\n<\/style>\n<div  class='hr av-l77khkci-6a18aab8b50210ed546db8651b680117 hr-custom  avia-builder-el-31  el_after_av_heading  el_before_av_horizontal_gallery  avia-builder-el-last  hr-center hr-icon-yes'><span class='hr-inner inner-border-av-border-fat'><span class=\"hr-inner-style\"><\/span><\/span><span class='av-seperator-icon avia-iconfont avia-font-entypo-fontello' data-av_icon='\ue8bc' data-av_iconfont='entypo-fontello' ><\/span><span class='hr-inner inner-border-av-border-fat'><span class=\"hr-inner-style\"><\/span><\/span><\/div>\n\n<style type=\"text\/css\" data-created_by=\"avia_inline_auto\" id=\"style-css-av-l77ko6t8-7bc511b74203f39811d548da175bc63e\">\n.av-horizontal-gallery.av-l77ko6t8-7bc511b74203f39811d548da175bc63e .av-horizontal-gallery-inner{\npadding-bottom:15%;\n}\n<\/style>\n<div  class='av-horizontal-gallery av-l77ko6t8-7bc511b74203f39811d548da175bc63e av-horizontal-gallery-large-gap av-horizontal-gallery--effect  avia-builder-el-32  el_after_av_hr  el_before_av_hr  av-slideshow-ui av-control-default av-slideshow-manual av-loop-once av-loop-manual-endless av-horizontal-gallery-2' data-slideshow-data=\"{&quot;animation&quot;:&quot;slide&quot;,&quot;autoplay&quot;:false,&quot;loop_autoplay&quot;:&quot;once&quot;,&quot;interval&quot;:5,&quot;loop_manual&quot;:&quot;manual-endless&quot;,&quot;autoplay_stopper&quot;:false,&quot;noNavigation&quot;:false,&quot;bg_slider&quot;:false,&quot;keep_padding&quot;:&quot;&quot;,&quot;hoverpause&quot;:false,&quot;show_slide_delay&quot;:0}\"  itemprop=\"image\" itemscope=\"itemscope\" itemtype=\"https:\/\/schema.org\/ImageObject\" ><div class='avia-slideshow-arrows avia-slideshow-controls' ><a href='#prev' class='prev-slide av-horizontal-gallery-prev avia-svg-icon avia-font-svg_entypo-fontello' data-av_svg_icon='left-open-big' data-av_iconset='svg_entypo-fontello' tabindex='-1' title=\"Previous\"><svg version=\"1.1\" xmlns=\"http:\/\/www.w3.org\/2000\/svg\" width=\"15\" height=\"32\" viewBox=\"0 0 15 32\" preserveAspectRatio=\"xMidYMid meet\" aria-labelledby='av-svg-title-10' aria-describedby='av-svg-desc-10' role=\"graphics-symbol\" aria-hidden=\"true\">\n<title id='av-svg-title-10'>Previous<\/title>\n<desc id='av-svg-desc-10'>Previous<\/desc>\n<path d=\"M14.464 27.84q0.832 0.832 0 1.536-0.832 0.832-1.536 0l-12.544-12.608q-0.768-0.768 0-1.6l12.544-12.608q0.704-0.832 1.536 0 0.832 0.704 0 1.536l-11.456 11.904z\"><\/path>\n<\/svg><span class='avia_hidden_link_text'>Previous<\/span><\/a><a href='#next' class='next-slide av-horizontal-gallery-next avia-svg-icon avia-font-svg_entypo-fontello' data-av_svg_icon='right-open-big' data-av_iconset='svg_entypo-fontello' tabindex='-1' title=\"Next\"><svg version=\"1.1\" xmlns=\"http:\/\/www.w3.org\/2000\/svg\" width=\"15\" height=\"32\" viewBox=\"0 0 15 32\" preserveAspectRatio=\"xMidYMid meet\" aria-labelledby='av-svg-title-11' aria-describedby='av-svg-desc-11' role=\"graphics-symbol\" aria-hidden=\"true\">\n<title id='av-svg-title-11'>Next<\/title>\n<desc id='av-svg-desc-11'>Next<\/desc>\n<path d=\"M0.416 27.84l11.456-11.84-11.456-11.904q-0.832-0.832 0-1.536 0.832-0.832 1.536 0l12.544 12.608q0.768 0.832 0 1.6l-12.544 12.608q-0.704 0.832-1.536 0-0.832-0.704 0-1.536z\"><\/path>\n<\/svg><span class='avia_hidden_link_text'>Next<\/span><\/a><\/div><div class='avia-slideshow-dots avia-slideshow-controls av-horizontal-gallery-dots fade-in'><a href='#1' class='goto-slide active' >1<\/a><a href='#2' class='goto-slide ' >2<\/a><a href='#3' class='goto-slide ' >3<\/a><a href='#4' class='goto-slide ' >4<\/a><a href='#5' class='goto-slide ' >5<\/a><\/div><div class='av-horizontal-gallery-inner' data-av-height='15'><div class=\"av-horizontal-gallery-slider\"><div class=\"av-horizontal-gallery-wrap noHover\"><img decoding=\"async\" fetchpriority=\"high\" class='wp-image-8861 avia-img-lazy-loading-not-8861 av-horizontal-gallery-img' width=\"1030\" height=\"361\" src=\"https:\/\/www.hotel-annelies.at\/wp-content\/uploads\/2022\/08\/mountainbiken-02-1030x361.jpg\" title='mountainbiken-02' alt='' srcset=\"https:\/\/www.hotel-annelies.at\/wp-content\/uploads\/2022\/08\/mountainbiken-02-1030x361.jpg 1030w, https:\/\/www.hotel-annelies.at\/wp-content\/uploads\/2022\/08\/mountainbiken-02-300x105.jpg 300w, https:\/\/www.hotel-annelies.at\/wp-content\/uploads\/2022\/08\/mountainbiken-02-768x269.jpg 768w, https:\/\/www.hotel-annelies.at\/wp-content\/uploads\/2022\/08\/mountainbiken-02-1536x538.jpg 1536w, https:\/\/www.hotel-annelies.at\/wp-content\/uploads\/2022\/08\/mountainbiken-02-1500x525.jpg 1500w, https:\/\/www.hotel-annelies.at\/wp-content\/uploads\/2022\/08\/mountainbiken-02-705x247.jpg 705w, https:\/\/www.hotel-annelies.at\/wp-content\/uploads\/2022\/08\/mountainbiken-02-1210x423.jpg 1210w, https:\/\/www.hotel-annelies.at\/wp-content\/uploads\/2022\/08\/mountainbiken-02.jpg 2000w\" sizes=\"(max-width: 1030px) 100vw, 1030px\" \/><a href=\"https:\/\/www.hotel-annelies.at\/wp-content\/uploads\/2022\/08\/mountainbiken-02-1030x361.jpg\" data-srcset=\"https:\/\/www.hotel-annelies.at\/wp-content\/uploads\/2022\/08\/mountainbiken-02-1030x361.jpg 1030w, https:\/\/www.hotel-annelies.at\/wp-content\/uploads\/2022\/08\/mountainbiken-02-300x105.jpg 300w, https:\/\/www.hotel-annelies.at\/wp-content\/uploads\/2022\/08\/mountainbiken-02-768x269.jpg 768w, https:\/\/www.hotel-annelies.at\/wp-content\/uploads\/2022\/08\/mountainbiken-02-1536x538.jpg 1536w, https:\/\/www.hotel-annelies.at\/wp-content\/uploads\/2022\/08\/mountainbiken-02-1500x525.jpg 1500w, https:\/\/www.hotel-annelies.at\/wp-content\/uploads\/2022\/08\/mountainbiken-02-705x247.jpg 705w, https:\/\/www.hotel-annelies.at\/wp-content\/uploads\/2022\/08\/mountainbiken-02-1210x423.jpg 1210w, https:\/\/www.hotel-annelies.at\/wp-content\/uploads\/2022\/08\/mountainbiken-02.jpg 2000w\" data-sizes=\"(max-width: 1030px) 100vw, 1030px\" class='av-horizontal-gallery-link avia-svg-icon avia-font-svg_entypo-fontello' data-av_svg_icon='resize-full' data-av_iconset='svg_entypo-fontello' title='mountainbiken-02' alt='' aria-label='Open image in lightbox: mountainbiken-02'><svg version=\"1.1\" xmlns=\"http:\/\/www.w3.org\/2000\/svg\" width=\"25\" height=\"32\" viewBox=\"0 0 25 32\" preserveAspectRatio=\"xMidYMid meet\" aria-labelledby='av-svg-title-12' aria-describedby='av-svg-desc-12' role=\"graphics-symbol\" aria-hidden=\"true\">\n<title id='av-svg-title-12'>Open image in lightbox: mountainbiken-02<\/title>\n<desc id='av-svg-desc-12'>Open image in lightbox: mountainbiken-02<\/desc>\n<path d=\"M15.232 3.328h10.112v10.112l-3.2-3.968-4.672 4.864-3.2-3.2 4.864-4.672zM7.872 17.536l3.2 3.2-4.864 4.672 3.904 3.2h-10.112v-10.112l3.2 3.904z\"><\/path>\n<\/svg><\/a><\/div><div class=\"av-horizontal-gallery-wrap noHover\"><img decoding=\"async\" fetchpriority=\"high\" class='wp-image-8621 avia-img-lazy-loading-not-8621 av-horizontal-gallery-img' width=\"1030\" height=\"370\" src=\"https:\/\/www.hotel-annelies.at\/wp-content\/uploads\/2022\/07\/bikeparadies-reiteralm-1030x370.jpg\" title='bikeparadies-reiteralm' alt='' srcset=\"https:\/\/www.hotel-annelies.at\/wp-content\/uploads\/2022\/07\/bikeparadies-reiteralm-1030x370.jpg 1030w, https:\/\/www.hotel-annelies.at\/wp-content\/uploads\/2022\/07\/bikeparadies-reiteralm-300x108.jpg 300w, https:\/\/www.hotel-annelies.at\/wp-content\/uploads\/2022\/07\/bikeparadies-reiteralm-768x276.jpg 768w, https:\/\/www.hotel-annelies.at\/wp-content\/uploads\/2022\/07\/bikeparadies-reiteralm-1536x551.jpg 1536w, https:\/\/www.hotel-annelies.at\/wp-content\/uploads\/2022\/07\/bikeparadies-reiteralm-1500x539.jpg 1500w, https:\/\/www.hotel-annelies.at\/wp-content\/uploads\/2022\/07\/bikeparadies-reiteralm-705x253.jpg 705w, https:\/\/www.hotel-annelies.at\/wp-content\/uploads\/2022\/07\/bikeparadies-reiteralm.jpg 2000w\" sizes=\"(max-width: 1030px) 100vw, 1030px\" \/><a href=\"https:\/\/www.hotel-annelies.at\/wp-content\/uploads\/2022\/07\/bikeparadies-reiteralm-1030x370.jpg\" data-srcset=\"https:\/\/www.hotel-annelies.at\/wp-content\/uploads\/2022\/07\/bikeparadies-reiteralm-1030x370.jpg 1030w, https:\/\/www.hotel-annelies.at\/wp-content\/uploads\/2022\/07\/bikeparadies-reiteralm-300x108.jpg 300w, https:\/\/www.hotel-annelies.at\/wp-content\/uploads\/2022\/07\/bikeparadies-reiteralm-768x276.jpg 768w, https:\/\/www.hotel-annelies.at\/wp-content\/uploads\/2022\/07\/bikeparadies-reiteralm-1536x551.jpg 1536w, https:\/\/www.hotel-annelies.at\/wp-content\/uploads\/2022\/07\/bikeparadies-reiteralm-1500x539.jpg 1500w, https:\/\/www.hotel-annelies.at\/wp-content\/uploads\/2022\/07\/bikeparadies-reiteralm-705x253.jpg 705w, https:\/\/www.hotel-annelies.at\/wp-content\/uploads\/2022\/07\/bikeparadies-reiteralm.jpg 2000w\" data-sizes=\"(max-width: 1030px) 100vw, 1030px\" class='av-horizontal-gallery-link avia-svg-icon avia-font-svg_entypo-fontello' data-av_svg_icon='resize-full' data-av_iconset='svg_entypo-fontello' title='bikeparadies-reiteralm' alt='' aria-label='Open image in lightbox: bikeparadies-reiteralm'><svg version=\"1.1\" xmlns=\"http:\/\/www.w3.org\/2000\/svg\" width=\"25\" height=\"32\" viewBox=\"0 0 25 32\" preserveAspectRatio=\"xMidYMid meet\" aria-labelledby='av-svg-title-13' aria-describedby='av-svg-desc-13' role=\"graphics-symbol\" aria-hidden=\"true\">\n<title id='av-svg-title-13'>Open image in lightbox: bikeparadies-reiteralm<\/title>\n<desc id='av-svg-desc-13'>Open image in lightbox: bikeparadies-reiteralm<\/desc>\n<path d=\"M15.232 3.328h10.112v10.112l-3.2-3.968-4.672 4.864-3.2-3.2 4.864-4.672zM7.872 17.536l3.2 3.2-4.864 4.672 3.904 3.2h-10.112v-10.112l3.2 3.904z\"><\/path>\n<\/svg><\/a><\/div><div class=\"av-horizontal-gallery-wrap noHover\"><img decoding=\"async\" fetchpriority=\"high\" class='wp-image-8610 avia-img-lazy-loading-not-8610 av-horizontal-gallery-img' width=\"1000\" height=\"667\" src=\"https:\/\/www.hotel-annelies.at\/wp-content\/uploads\/2022\/07\/eMTB_1_c-Peter-Burgstaller-Kopie_edited-gross-1.jpg\" title='MTB Hotel Annelies mit eigenen E-Bike Verleih' alt='' srcset=\"https:\/\/www.hotel-annelies.at\/wp-content\/uploads\/2022\/07\/eMTB_1_c-Peter-Burgstaller-Kopie_edited-gross-1.jpg 1000w, https:\/\/www.hotel-annelies.at\/wp-content\/uploads\/2022\/07\/eMTB_1_c-Peter-Burgstaller-Kopie_edited-gross-1-300x200.jpg 300w, https:\/\/www.hotel-annelies.at\/wp-content\/uploads\/2022\/07\/eMTB_1_c-Peter-Burgstaller-Kopie_edited-gross-1-768x512.jpg 768w, https:\/\/www.hotel-annelies.at\/wp-content\/uploads\/2022\/07\/eMTB_1_c-Peter-Burgstaller-Kopie_edited-gross-1-705x470.jpg 705w\" sizes=\"(max-width: 1000px) 100vw, 1000px\" \/><a href=\"https:\/\/www.hotel-annelies.at\/wp-content\/uploads\/2022\/07\/eMTB_1_c-Peter-Burgstaller-Kopie_edited-gross-1.jpg\" data-srcset=\"https:\/\/www.hotel-annelies.at\/wp-content\/uploads\/2022\/07\/eMTB_1_c-Peter-Burgstaller-Kopie_edited-gross-1.jpg 1000w, https:\/\/www.hotel-annelies.at\/wp-content\/uploads\/2022\/07\/eMTB_1_c-Peter-Burgstaller-Kopie_edited-gross-1-300x200.jpg 300w, https:\/\/www.hotel-annelies.at\/wp-content\/uploads\/2022\/07\/eMTB_1_c-Peter-Burgstaller-Kopie_edited-gross-1-768x512.jpg 768w, https:\/\/www.hotel-annelies.at\/wp-content\/uploads\/2022\/07\/eMTB_1_c-Peter-Burgstaller-Kopie_edited-gross-1-705x470.jpg 705w\" data-sizes=\"(max-width: 1000px) 100vw, 1000px\" class='av-horizontal-gallery-link avia-svg-icon avia-font-svg_entypo-fontello' data-av_svg_icon='resize-full' data-av_iconset='svg_entypo-fontello' title='MTB Hotel Annelies mit eigenen E-Bike Verleih' alt='' aria-label='Open image in lightbox: MTB Hotel Annelies mit eigenen E-Bike Verleih'><svg version=\"1.1\" xmlns=\"http:\/\/www.w3.org\/2000\/svg\" width=\"25\" height=\"32\" viewBox=\"0 0 25 32\" preserveAspectRatio=\"xMidYMid meet\" aria-labelledby='av-svg-title-14' aria-describedby='av-svg-desc-14' role=\"graphics-symbol\" aria-hidden=\"true\">\n<title id='av-svg-title-14'>Open image in lightbox: MTB Hotel Annelies mit eigenen E-Bike Verleih<\/title>\n<desc id='av-svg-desc-14'>Open image in lightbox: MTB Hotel Annelies mit eigenen E-Bike Verleih<\/desc>\n<path d=\"M15.232 3.328h10.112v10.112l-3.2-3.968-4.672 4.864-3.2-3.2 4.864-4.672zM7.872 17.536l3.2 3.2-4.864 4.672 3.904 3.2h-10.112v-10.112l3.2 3.904z\"><\/path>\n<\/svg><\/a><\/div><div class=\"av-horizontal-gallery-wrap noHover\"><img decoding=\"async\" fetchpriority=\"high\" class='wp-image-8609 avia-img-lazy-loading-not-8609 av-horizontal-gallery-img' width=\"1000\" height=\"660\" src=\"https:\/\/www.hotel-annelies.at\/wp-content\/uploads\/2022\/07\/ebiken-ramsau-gross.jpg\" title='ebiken-ramsau-gross' alt='' srcset=\"https:\/\/www.hotel-annelies.at\/wp-content\/uploads\/2022\/07\/ebiken-ramsau-gross.jpg 1000w, https:\/\/www.hotel-annelies.at\/wp-content\/uploads\/2022\/07\/ebiken-ramsau-gross-300x198.jpg 300w, https:\/\/www.hotel-annelies.at\/wp-content\/uploads\/2022\/07\/ebiken-ramsau-gross-768x507.jpg 768w, https:\/\/www.hotel-annelies.at\/wp-content\/uploads\/2022\/07\/ebiken-ramsau-gross-705x465.jpg 705w\" sizes=\"(max-width: 1000px) 100vw, 1000px\" \/><a href=\"https:\/\/www.hotel-annelies.at\/wp-content\/uploads\/2022\/07\/ebiken-ramsau-gross.jpg\" data-srcset=\"https:\/\/www.hotel-annelies.at\/wp-content\/uploads\/2022\/07\/ebiken-ramsau-gross.jpg 1000w, https:\/\/www.hotel-annelies.at\/wp-content\/uploads\/2022\/07\/ebiken-ramsau-gross-300x198.jpg 300w, https:\/\/www.hotel-annelies.at\/wp-content\/uploads\/2022\/07\/ebiken-ramsau-gross-768x507.jpg 768w, https:\/\/www.hotel-annelies.at\/wp-content\/uploads\/2022\/07\/ebiken-ramsau-gross-705x465.jpg 705w\" data-sizes=\"(max-width: 1000px) 100vw, 1000px\" class='av-horizontal-gallery-link avia-svg-icon avia-font-svg_entypo-fontello' data-av_svg_icon='resize-full' data-av_iconset='svg_entypo-fontello' title='ebiken-ramsau-gross' alt='' aria-label='Open image in lightbox: ebiken-ramsau-gross'><svg version=\"1.1\" xmlns=\"http:\/\/www.w3.org\/2000\/svg\" width=\"25\" height=\"32\" viewBox=\"0 0 25 32\" preserveAspectRatio=\"xMidYMid meet\" aria-labelledby='av-svg-title-15' aria-describedby='av-svg-desc-15' role=\"graphics-symbol\" aria-hidden=\"true\">\n<title id='av-svg-title-15'>Open image in lightbox: ebiken-ramsau-gross<\/title>\n<desc id='av-svg-desc-15'>Open image in lightbox: ebiken-ramsau-gross<\/desc>\n<path d=\"M15.232 3.328h10.112v10.112l-3.2-3.968-4.672 4.864-3.2-3.2 4.864-4.672zM7.872 17.536l3.2 3.2-4.864 4.672 3.904 3.2h-10.112v-10.112l3.2 3.904z\"><\/path>\n<\/svg><\/a><\/div><div class=\"av-horizontal-gallery-wrap noHover\"><img decoding=\"async\" fetchpriority=\"high\" class='wp-image-8477 avia-img-lazy-loading-not-8477 av-horizontal-gallery-img' width=\"1000\" height=\"660\" src=\"https:\/\/www.hotel-annelies.at\/wp-content\/uploads\/2022\/07\/mountainbike-tour-roland-gross.jpg\" title='mountainbike-tour-roland-gross' alt='' srcset=\"https:\/\/www.hotel-annelies.at\/wp-content\/uploads\/2022\/07\/mountainbike-tour-roland-gross.jpg 1000w, https:\/\/www.hotel-annelies.at\/wp-content\/uploads\/2022\/07\/mountainbike-tour-roland-gross-300x198.jpg 300w, https:\/\/www.hotel-annelies.at\/wp-content\/uploads\/2022\/07\/mountainbike-tour-roland-gross-768x507.jpg 768w, https:\/\/www.hotel-annelies.at\/wp-content\/uploads\/2022\/07\/mountainbike-tour-roland-gross-705x465.jpg 705w\" sizes=\"(max-width: 1000px) 100vw, 1000px\" \/><a href=\"https:\/\/www.hotel-annelies.at\/wp-content\/uploads\/2022\/07\/mountainbike-tour-roland-gross.jpg\" data-srcset=\"https:\/\/www.hotel-annelies.at\/wp-content\/uploads\/2022\/07\/mountainbike-tour-roland-gross.jpg 1000w, https:\/\/www.hotel-annelies.at\/wp-content\/uploads\/2022\/07\/mountainbike-tour-roland-gross-300x198.jpg 300w, https:\/\/www.hotel-annelies.at\/wp-content\/uploads\/2022\/07\/mountainbike-tour-roland-gross-768x507.jpg 768w, https:\/\/www.hotel-annelies.at\/wp-content\/uploads\/2022\/07\/mountainbike-tour-roland-gross-705x465.jpg 705w\" data-sizes=\"(max-width: 1000px) 100vw, 1000px\" class='av-horizontal-gallery-link avia-svg-icon avia-font-svg_entypo-fontello' data-av_svg_icon='resize-full' data-av_iconset='svg_entypo-fontello' title='mountainbike-tour-roland-gross' alt='' aria-label='Open image in lightbox: mountainbike-tour-roland-gross'><svg version=\"1.1\" xmlns=\"http:\/\/www.w3.org\/2000\/svg\" width=\"25\" height=\"32\" viewBox=\"0 0 25 32\" preserveAspectRatio=\"xMidYMid meet\" aria-labelledby='av-svg-title-16' aria-describedby='av-svg-desc-16' role=\"graphics-symbol\" aria-hidden=\"true\">\n<title id='av-svg-title-16'>Open image in lightbox: mountainbike-tour-roland-gross<\/title>\n<desc id='av-svg-desc-16'>Open image in lightbox: mountainbike-tour-roland-gross<\/desc>\n<path d=\"M15.232 3.328h10.112v10.112l-3.2-3.968-4.672 4.864-3.2-3.2 4.864-4.672zM7.872 17.536l3.2 3.2-4.864 4.672 3.904 3.2h-10.112v-10.112l3.2 3.904z\"><\/path>\n<\/svg><\/a><\/div><\/div><\/div><\/div>\n\n<style type=\"text\/css\" data-created_by=\"avia_inline_auto\" id=\"style-css-av-l77kjt1h-50ed31bdca204747cb5a94062fb0929b\">\n#top .hr.hr-invisible.av-l77kjt1h-50ed31bdca204747cb5a94062fb0929b{\nheight:20px;\n}\n<\/style>\n<div  class='hr av-l77kjt1h-50ed31bdca204747cb5a94062fb0929b hr-invisible  avia-builder-el-33  el_after_av_horizontal_gallery  avia-builder-el-no-sibling '><span class='hr-inner '><span class=\"hr-inner-style\"><\/span><\/span><\/div>\n","protected":false},"excerpt":{"rendered":"","protected":false},"author":3,"featured_media":0,"parent":10251,"menu_order":0,"comment_status":"closed","ping_status":"closed","template":"","meta":{"footnotes":""},"class_list":["post-9890","page","type-page","status-publish","hentry"],"yoast_head":"<!-- This site is optimized with the Yoast SEO plugin v27.5 - https:\/\/yoast.com\/product\/yoast-seo-wordpress\/ -->\n<title>Hiking Hotel Annelies - Hotel Annelies in Ramsau am Dachstein<\/title>\n<meta name=\"description\" content=\"Wanderhotel Annelies in Ramsau am Dachstein mit \u00d6sterreichischen Wanderg\u00fctesiegel Wanderf\u00fchrer Ewald zeigt Ihnen Schladming Dachstein\" \/>\n<meta name=\"robots\" content=\"index, follow, max-snippet:-1, max-image-preview:large, max-video-preview:-1\" \/>\n<link rel=\"canonical\" href=\"https:\/\/www.hotel-annelies.at\/en\/activity\/hiking-hotel\/\" \/>\n<meta property=\"og:locale\" content=\"en_US\" \/>\n<meta property=\"og:type\" content=\"article\" \/>\n<meta property=\"og:title\" content=\"Hiking Hotel Annelies - Hotel Annelies in Ramsau am Dachstein\" \/>\n<meta property=\"og:description\" content=\"Wanderhotel Annelies in Ramsau am Dachstein mit \u00d6sterreichischen Wanderg\u00fctesiegel Wanderf\u00fchrer Ewald zeigt Ihnen Schladming Dachstein\" \/>\n<meta property=\"og:url\" content=\"https:\/\/www.hotel-annelies.at\/en\/activity\/hiking-hotel\/\" \/>\n<meta property=\"og:site_name\" content=\"Hotel Annelies in Ramsau am Dachstein\" \/>\n<meta property=\"article:publisher\" content=\"https:\/\/www.facebook.com\/hotelannelies\" \/>\n<meta property=\"article:modified_time\" content=\"2023-05-08T12:48:45+00:00\" \/>\n<meta property=\"og:image\" content=\"https:\/\/www.hotel-annelies.at\/wp-content\/uploads\/2022\/09\/f1.jpg\" \/>\n\t<meta property=\"og:image:width\" content=\"2000\" \/>\n\t<meta property=\"og:image:height\" content=\"718\" \/>\n\t<meta property=\"og:image:type\" content=\"image\/jpeg\" \/>\n<meta name=\"twitter:card\" content=\"summary_large_image\" \/>\n<meta name=\"twitter:label1\" content=\"Est. reading time\" \/>\n\t<meta name=\"twitter:data1\" content=\"9 minutes\" \/>\n<script type=\"application\/ld+json\" class=\"yoast-schema-graph\">{\"@context\":\"https:\\\/\\\/schema.org\",\"@graph\":[{\"@type\":\"WebPage\",\"@id\":\"https:\\\/\\\/www.hotel-annelies.at\\\/en\\\/activity\\\/hiking-hotel\\\/\",\"url\":\"https:\\\/\\\/www.hotel-annelies.at\\\/en\\\/activity\\\/hiking-hotel\\\/\",\"name\":\"Hiking Hotel Annelies - Hotel Annelies in Ramsau am Dachstein\",\"isPartOf\":{\"@id\":\"https:\\\/\\\/www.hotel-annelies.at\\\/en\\\/#website\"},\"datePublished\":\"2022-08-25T09:32:15+00:00\",\"dateModified\":\"2023-05-08T12:48:45+00:00\",\"description\":\"Wanderhotel Annelies in Ramsau am Dachstein mit \u00d6sterreichischen Wanderg\u00fctesiegel Wanderf\u00fchrer Ewald zeigt Ihnen Schladming Dachstein\",\"breadcrumb\":{\"@id\":\"https:\\\/\\\/www.hotel-annelies.at\\\/en\\\/activity\\\/hiking-hotel\\\/#breadcrumb\"},\"inLanguage\":\"en-US\",\"potentialAction\":[{\"@type\":\"ReadAction\",\"target\":[\"https:\\\/\\\/www.hotel-annelies.at\\\/en\\\/activity\\\/hiking-hotel\\\/\"]}]},{\"@type\":\"BreadcrumbList\",\"@id\":\"https:\\\/\\\/www.hotel-annelies.at\\\/en\\\/activity\\\/hiking-hotel\\\/#breadcrumb\",\"itemListElement\":[{\"@type\":\"ListItem\",\"position\":1,\"name\":\"Startseite\",\"item\":\"https:\\\/\\\/www.hotel-annelies.at\\\/en\\\/welcome\\\/\"},{\"@type\":\"ListItem\",\"position\":2,\"name\":\"activity\",\"item\":\"https:\\\/\\\/www.hotel-annelies.at\\\/en\\\/activity\\\/\"},{\"@type\":\"ListItem\",\"position\":3,\"name\":\"Hiking Hotel Annelies\"}]},{\"@type\":\"WebSite\",\"@id\":\"https:\\\/\\\/www.hotel-annelies.at\\\/en\\\/#website\",\"url\":\"https:\\\/\\\/www.hotel-annelies.at\\\/en\\\/\",\"name\":\"Hotel Annelies in Ramsau am Dachstein\",\"description\":\"Hotel Annelies\",\"publisher\":{\"@id\":\"https:\\\/\\\/www.hotel-annelies.at\\\/en\\\/#organization\"},\"potentialAction\":[{\"@type\":\"SearchAction\",\"target\":{\"@type\":\"EntryPoint\",\"urlTemplate\":\"https:\\\/\\\/www.hotel-annelies.at\\\/en\\\/?s={search_term_string}\"},\"query-input\":{\"@type\":\"PropertyValueSpecification\",\"valueRequired\":true,\"valueName\":\"search_term_string\"}}],\"inLanguage\":\"en-US\"},{\"@type\":\"Organization\",\"@id\":\"https:\\\/\\\/www.hotel-annelies.at\\\/en\\\/#organization\",\"name\":\"Hotel Annelies in Ramsau am Dachstein\",\"url\":\"https:\\\/\\\/www.hotel-annelies.at\\\/en\\\/\",\"logo\":{\"@type\":\"ImageObject\",\"inLanguage\":\"en-US\",\"@id\":\"https:\\\/\\\/www.hotel-annelies.at\\\/en\\\/#\\\/schema\\\/logo\\\/image\\\/\",\"url\":\"https:\\\/\\\/www.hotel-annelies.at\\\/wp-content\\\/uploads\\\/2022\\\/07\\\/cropped-logo_annelies_tiktok.png\",\"contentUrl\":\"https:\\\/\\\/www.hotel-annelies.at\\\/wp-content\\\/uploads\\\/2022\\\/07\\\/cropped-logo_annelies_tiktok.png\",\"width\":512,\"height\":512,\"caption\":\"Hotel Annelies in Ramsau am Dachstein\"},\"image\":{\"@id\":\"https:\\\/\\\/www.hotel-annelies.at\\\/en\\\/#\\\/schema\\\/logo\\\/image\\\/\"},\"sameAs\":[\"https:\\\/\\\/www.facebook.com\\\/hotelannelies\"]}]}<\/script>\n<!-- \/ Yoast SEO plugin. -->","yoast_head_json":{"title":"Hiking Hotel Annelies - Hotel Annelies in Ramsau am Dachstein","description":"Wanderhotel Annelies in Ramsau am Dachstein mit \u00d6sterreichischen Wanderg\u00fctesiegel Wanderf\u00fchrer Ewald zeigt Ihnen Schladming Dachstein","robots":{"index":"index","follow":"follow","max-snippet":"max-snippet:-1","max-image-preview":"max-image-preview:large","max-video-preview":"max-video-preview:-1"},"canonical":"https:\/\/www.hotel-annelies.at\/en\/activity\/hiking-hotel\/","og_locale":"en_US","og_type":"article","og_title":"Hiking Hotel Annelies - Hotel Annelies in Ramsau am Dachstein","og_description":"Wanderhotel Annelies in Ramsau am Dachstein mit \u00d6sterreichischen Wanderg\u00fctesiegel Wanderf\u00fchrer Ewald zeigt Ihnen Schladming Dachstein","og_url":"https:\/\/www.hotel-annelies.at\/en\/activity\/hiking-hotel\/","og_site_name":"Hotel Annelies in Ramsau am Dachstein","article_publisher":"https:\/\/www.facebook.com\/hotelannelies","article_modified_time":"2023-05-08T12:48:45+00:00","og_image":[{"width":2000,"height":718,"url":"https:\/\/www.hotel-annelies.at\/wp-content\/uploads\/2022\/09\/f1.jpg","type":"image\/jpeg"}],"twitter_card":"summary_large_image","twitter_misc":{"Est. reading time":"9 minutes"},"schema":{"@context":"https:\/\/schema.org","@graph":[{"@type":"WebPage","@id":"https:\/\/www.hotel-annelies.at\/en\/activity\/hiking-hotel\/","url":"https:\/\/www.hotel-annelies.at\/en\/activity\/hiking-hotel\/","name":"Hiking Hotel Annelies - Hotel Annelies in Ramsau am Dachstein","isPartOf":{"@id":"https:\/\/www.hotel-annelies.at\/en\/#website"},"datePublished":"2022-08-25T09:32:15+00:00","dateModified":"2023-05-08T12:48:45+00:00","description":"Wanderhotel Annelies in Ramsau am Dachstein mit \u00d6sterreichischen Wanderg\u00fctesiegel Wanderf\u00fchrer Ewald zeigt Ihnen Schladming Dachstein","breadcrumb":{"@id":"https:\/\/www.hotel-annelies.at\/en\/activity\/hiking-hotel\/#breadcrumb"},"inLanguage":"en-US","potentialAction":[{"@type":"ReadAction","target":["https:\/\/www.hotel-annelies.at\/en\/activity\/hiking-hotel\/"]}]},{"@type":"BreadcrumbList","@id":"https:\/\/www.hotel-annelies.at\/en\/activity\/hiking-hotel\/#breadcrumb","itemListElement":[{"@type":"ListItem","position":1,"name":"Startseite","item":"https:\/\/www.hotel-annelies.at\/en\/welcome\/"},{"@type":"ListItem","position":2,"name":"activity","item":"https:\/\/www.hotel-annelies.at\/en\/activity\/"},{"@type":"ListItem","position":3,"name":"Hiking Hotel Annelies"}]},{"@type":"WebSite","@id":"https:\/\/www.hotel-annelies.at\/en\/#website","url":"https:\/\/www.hotel-annelies.at\/en\/","name":"Hotel Annelies in Ramsau am Dachstein","description":"Hotel Annelies","publisher":{"@id":"https:\/\/www.hotel-annelies.at\/en\/#organization"},"potentialAction":[{"@type":"SearchAction","target":{"@type":"EntryPoint","urlTemplate":"https:\/\/www.hotel-annelies.at\/en\/?s={search_term_string}"},"query-input":{"@type":"PropertyValueSpecification","valueRequired":true,"valueName":"search_term_string"}}],"inLanguage":"en-US"},{"@type":"Organization","@id":"https:\/\/www.hotel-annelies.at\/en\/#organization","name":"Hotel Annelies in Ramsau am Dachstein","url":"https:\/\/www.hotel-annelies.at\/en\/","logo":{"@type":"ImageObject","inLanguage":"en-US","@id":"https:\/\/www.hotel-annelies.at\/en\/#\/schema\/logo\/image\/","url":"https:\/\/www.hotel-annelies.at\/wp-content\/uploads\/2022\/07\/cropped-logo_annelies_tiktok.png","contentUrl":"https:\/\/www.hotel-annelies.at\/wp-content\/uploads\/2022\/07\/cropped-logo_annelies_tiktok.png","width":512,"height":512,"caption":"Hotel Annelies in Ramsau am Dachstein"},"image":{"@id":"https:\/\/www.hotel-annelies.at\/en\/#\/schema\/logo\/image\/"},"sameAs":["https:\/\/www.facebook.com\/hotelannelies"]}]}},"_links":{"self":[{"href":"https:\/\/www.hotel-annelies.at\/en\/wp-json\/wp\/v2\/pages\/9890","targetHints":{"allow":["GET"]}}],"collection":[{"href":"https:\/\/www.hotel-annelies.at\/en\/wp-json\/wp\/v2\/pages"}],"about":[{"href":"https:\/\/www.hotel-annelies.at\/en\/wp-json\/wp\/v2\/types\/page"}],"author":[{"embeddable":true,"href":"https:\/\/www.hotel-annelies.at\/en\/wp-json\/wp\/v2\/users\/3"}],"replies":[{"embeddable":true,"href":"https:\/\/www.hotel-annelies.at\/en\/wp-json\/wp\/v2\/comments?post=9890"}],"version-history":[{"count":28,"href":"https:\/\/www.hotel-annelies.at\/en\/wp-json\/wp\/v2\/pages\/9890\/revisions"}],"predecessor-version":[{"id":10510,"href":"https:\/\/www.hotel-annelies.at\/en\/wp-json\/wp\/v2\/pages\/9890\/revisions\/10510"}],"up":[{"embeddable":true,"href":"https:\/\/www.hotel-annelies.at\/en\/wp-json\/wp\/v2\/pages\/10251"}],"wp:attachment":[{"href":"https:\/\/www.hotel-annelies.at\/en\/wp-json\/wp\/v2\/media?parent=9890"}],"curies":[{"name":"wp","href":"https:\/\/api.w.org\/{rel}","templated":true}]}}